{"id":638,"date":"2022-08-18T13:48:38","date_gmt":"2022-08-18T16:48:38","guid":{"rendered":"https:\/\/gustavogoni.com\/arte\/?page_id=638"},"modified":"2025-09-26T16:06:23","modified_gmt":"2025-09-26T19:06:23","slug":"cajas-luminicas","status":"publish","type":"page","link":"https:\/\/gustavogoni.com\/arte\/obra\/ensamblado\/cajas-luminicas\/","title":{"rendered":"Dioramas"},"content":{"rendered":"\n<h3 class=\"wp-block-heading\"><strong>Introducci\u00f3n<\/strong><\/h3>\n\n\n\n<div id=\"wp-block-themeisle-blocks-advanced-columns-2d97f98a\" class=\"wp-block-themeisle-blocks-advanced-columns has-2-columns has-desktop-equal-layout has-tablet-equal-layout has-mobile-collapsedRows-layout has-vertical-unset\"><div class=\"wp-block-themeisle-blocks-advanced-columns-overlay\"><\/div><div class=\"innerblocks-wrap\">\n<div id=\"wp-block-themeisle-blocks-advanced-column-bb47ea9e\" class=\"wp-block-themeisle-blocks-advanced-column\">\n<p><\/p>\n\n\n\n<p>A trav\u00e9s de la construcci\u00f3n de estas piezas \u2013que comenc\u00e9 a trabajar en una cl\u00ednica de obra con la artista Silvana Lacarra en 2021 y que continu\u00e9 con Leila Tschopp en 2024\u2013 elabor\u00e9 estos relatos visuales que contribuyeron a transformar el pasado en una serie de im\u00e1genes y objetos que me ayudan a elaborar la partida del lugar que me vio nacer y crecer.<\/p>\n\n\n\n<p>El disparador de la idea fue un libro de religi\u00f3n en donde se muestra, a trav\u00e9s una ilustraci\u00f3n colorida, a un ni\u00f1o espiando a trav\u00e9s de una cerradura de una puerta, tratando de ver qu\u00e9 hay m\u00e1s all\u00e1. Descubriendo lo nuevo. Curioso por saber.<\/p>\n<\/div>\n\n\n\n<div id=\"wp-block-themeisle-blocks-advanced-column-e9286124\" class=\"wp-block-themeisle-blocks-advanced-column\">\n<figure class=\"wp-block-image size-full\"><a href=\"https:\/\/gustavogoni.com\/arte\/wp-content\/uploads\/2025\/09\/Nino-mira-por-la-cerradura_V9A0321-copia.jpg\"><img loading=\"lazy\" decoding=\"async\" width=\"840\" height=\"559\" data-attachment-id=\"1406\" data-permalink=\"https:\/\/gustavogoni.com\/arte\/obra\/ensamblado\/cajas-luminicas\/nino-mira-por-la-cerradura_v9a0321-copia\/\" data-orig-file=\"https:\/\/gustavogoni.com\/arte\/wp-content\/uploads\/2025\/09\/Nino-mira-por-la-cerradura_V9A0321-copia.jpg\" data-orig-size=\"840,559\" data-comments-opened=\"1\" data-image-meta=\"{&quot;aperture&quot;:&quot;20&quot;,&quot;credit&quot;:&quot;&quot;,&quot;camera&quot;:&quot;Canon EOS 5D Mark III&quot;,&quot;caption&quot;:&quot;&quot;,&quot;created_timestamp&quot;:&quot;1755887934&quot;,&quot;copyright&quot;:&quot;&quot;,&quot;focal_length&quot;:&quot;70&quot;,&quot;iso&quot;:&quot;160&quot;,&quot;shutter_speed&quot;:&quot;0.005&quot;,&quot;title&quot;:&quot;&quot;,&quot;orientation&quot;:&quot;1&quot;}\" data-image-title=\"Ni\u00f1o mira por la cerradura_V9A0321 copia\" data-image-description=\"\" data-image-caption=\"\" data-large-file=\"https:\/\/gustavogoni.com\/arte\/wp-content\/uploads\/2025\/09\/Nino-mira-por-la-cerradura_V9A0321-copia.jpg\" src=\"https:\/\/gustavogoni.com\/arte\/wp-content\/uploads\/2025\/09\/Nino-mira-por-la-cerradura_V9A0321-copia.jpg\" alt=\"\" class=\"wp-image-1406\" srcset=\"https:\/\/gustavogoni.com\/arte\/wp-content\/uploads\/2025\/09\/Nino-mira-por-la-cerradura_V9A0321-copia.jpg 840w, https:\/\/gustavogoni.com\/arte\/wp-content\/uploads\/2025\/09\/Nino-mira-por-la-cerradura_V9A0321-copia-300x200.jpg 300w, https:\/\/gustavogoni.com\/arte\/wp-content\/uploads\/2025\/09\/Nino-mira-por-la-cerradura_V9A0321-copia-768x511.jpg 768w\" sizes=\"auto, (max-width: 840px) 100vw, 840px\" \/><\/a><\/figure>\n<\/div>\n<\/div><\/div>\n\n\n\n<h2 class=\"wp-block-heading\"><a href=\"https:\/\/gustavogoni.com\/arte\/obra\/ensamblado\/cajas-luminicas\/caja-1-nino-de-piedra\/\" data-type=\"page\" data-id=\"1337\" target=\"_blank\" rel=\"noreferrer noopener\">Ni\u00f1o de piedra<\/a><\/h2>\n\n\n\n<p>T\u00e9cnica: ensamblado de objetos, cer\u00e1mica, piedra y fotograf\u00eda. Caja de madera con lente de aumento, iluminada.<\/p>\n\n\n\n<p id=\"block-d83464f0-3dab-428b-ac2b-89001a32c06c\">Fecha de realizaci\u00f3n: 2021<\/p>\n\n\n\n<p id=\"block-5588bbb6-91de-40fc-8683-0e9571bb48c7\">Medidas aprox.: 30 x 20 cm + 20 x 20 cm<\/p>\n\n\n\n<figure class=\"wp-block-gallery has-nested-images columns-default is-cropped wp-block-gallery-1 is-layout-flex wp-block-gallery-is-layout-flex\">\n<figure class=\"wp-block-image size-large\"><a href=\"https:\/\/gustavogoni.com\/arte\/wp-content\/uploads\/2025\/09\/04-2022-Nino-de-piedra-1-frente-foto-nueva-baja.jpg\"><img loading=\"lazy\" decoding=\"async\" width=\"1024\" height=\"682\" data-attachment-id=\"1338\" data-permalink=\"https:\/\/gustavogoni.com\/arte\/obra\/ensamblado\/cajas-luminicas\/caja-1-nino-de-piedra\/04-2022-nino-de-piedra-1-frente-foto-nueva-baja\/\" data-orig-file=\"https:\/\/gustavogoni.com\/arte\/wp-content\/uploads\/2025\/09\/04-2022-Nino-de-piedra-1-frente-foto-nueva-baja.jpg\" data-orig-size=\"1240,826\" data-comments-opened=\"1\" data-image-meta=\"{&quot;aperture&quot;:&quot;16&quot;,&quot;credit&quot;:&quot;&quot;,&quot;camera&quot;:&quot;Canon EOS 5D Mark IV&quot;,&quot;caption&quot;:&quot;&quot;,&quot;created_timestamp&quot;:&quot;1747179844&quot;,&quot;copyright&quot;:&quot;&quot;,&quot;focal_length&quot;:&quot;41&quot;,&quot;iso&quot;:&quot;160&quot;,&quot;shutter_speed&quot;:&quot;0.1&quot;,&quot;title&quot;:&quot;&quot;,&quot;orientation&quot;:&quot;1&quot;}\" data-image-title=\"04-2022-Ni\u00f1o de piedra &amp;#8211; 1 frente &amp;#8211; foto nueva baja\" data-image-description=\"\" data-image-caption=\"\" data-large-file=\"https:\/\/gustavogoni.com\/arte\/wp-content\/uploads\/2025\/09\/04-2022-Nino-de-piedra-1-frente-foto-nueva-baja-1024x682.jpg\" data-id=\"1338\" src=\"https:\/\/gustavogoni.com\/arte\/wp-content\/uploads\/2025\/09\/04-2022-Nino-de-piedra-1-frente-foto-nueva-baja-1024x682.jpg\" alt=\"\" class=\"wp-image-1338\" srcset=\"https:\/\/gustavogoni.com\/arte\/wp-content\/uploads\/2025\/09\/04-2022-Nino-de-piedra-1-frente-foto-nueva-baja-1024x682.jpg 1024w, https:\/\/gustavogoni.com\/arte\/wp-content\/uploads\/2025\/09\/04-2022-Nino-de-piedra-1-frente-foto-nueva-baja-300x200.jpg 300w, https:\/\/gustavogoni.com\/arte\/wp-content\/uploads\/2025\/09\/04-2022-Nino-de-piedra-1-frente-foto-nueva-baja-768x512.jpg 768w, https:\/\/gustavogoni.com\/arte\/wp-content\/uploads\/2025\/09\/04-2022-Nino-de-piedra-1-frente-foto-nueva-baja-930x620.jpg 930w, https:\/\/gustavogoni.com\/arte\/wp-content\/uploads\/2025\/09\/04-2022-Nino-de-piedra-1-frente-foto-nueva-baja.jpg 1240w\" sizes=\"auto, (max-width: 1024px) 100vw, 1024px\" \/><\/a><\/figure>\n\n\n\n<figure class=\"wp-block-image size-large\"><a href=\"https:\/\/gustavogoni.com\/arte\/wp-content\/uploads\/2025\/09\/04-2022-Nino-de-piedra-2-perfil-nuevo.jpg\"><img loading=\"lazy\" decoding=\"async\" width=\"1024\" height=\"682\" data-attachment-id=\"1359\" data-permalink=\"https:\/\/gustavogoni.com\/arte\/obra\/ensamblado\/cajas-luminicas\/04-2022-nino-de-piedra-2-perfil-nuevo\/\" data-orig-file=\"https:\/\/gustavogoni.com\/arte\/wp-content\/uploads\/2025\/09\/04-2022-Nino-de-piedra-2-perfil-nuevo.jpg\" data-orig-size=\"1240,826\" data-comments-opened=\"1\" data-image-meta=\"{&quot;aperture&quot;:&quot;9&quot;,&quot;credit&quot;:&quot;&quot;,&quot;camera&quot;:&quot;Canon EOS 5D Mark III&quot;,&quot;caption&quot;:&quot;&quot;,&quot;created_timestamp&quot;:&quot;1758482686&quot;,&quot;copyright&quot;:&quot;&quot;,&quot;focal_length&quot;:&quot;59&quot;,&quot;iso&quot;:&quot;160&quot;,&quot;shutter_speed&quot;:&quot;0.1&quot;,&quot;title&quot;:&quot;&quot;,&quot;orientation&quot;:&quot;1&quot;}\" data-image-title=\"04-2022-Nino-de-piedra-2-perfil-nuevo\" data-image-description=\"\" data-image-caption=\"\" data-large-file=\"https:\/\/gustavogoni.com\/arte\/wp-content\/uploads\/2025\/09\/04-2022-Nino-de-piedra-2-perfil-nuevo-1024x682.jpg\" data-id=\"1359\" src=\"https:\/\/gustavogoni.com\/arte\/wp-content\/uploads\/2025\/09\/04-2022-Nino-de-piedra-2-perfil-nuevo-1024x682.jpg\" alt=\"\" class=\"wp-image-1359\" srcset=\"https:\/\/gustavogoni.com\/arte\/wp-content\/uploads\/2025\/09\/04-2022-Nino-de-piedra-2-perfil-nuevo-1024x682.jpg 1024w, https:\/\/gustavogoni.com\/arte\/wp-content\/uploads\/2025\/09\/04-2022-Nino-de-piedra-2-perfil-nuevo-300x200.jpg 300w, https:\/\/gustavogoni.com\/arte\/wp-content\/uploads\/2025\/09\/04-2022-Nino-de-piedra-2-perfil-nuevo-768x512.jpg 768w, https:\/\/gustavogoni.com\/arte\/wp-content\/uploads\/2025\/09\/04-2022-Nino-de-piedra-2-perfil-nuevo-930x620.jpg 930w, https:\/\/gustavogoni.com\/arte\/wp-content\/uploads\/2025\/09\/04-2022-Nino-de-piedra-2-perfil-nuevo.jpg 1240w\" sizes=\"auto, (max-width: 1024px) 100vw, 1024px\" \/><\/a><\/figure>\n<\/figure>\n\n\n\n<hr class=\"wp-block-separator has-alpha-channel-opacity\"\/>\n\n\n\n<h2 class=\"wp-block-heading\"><a href=\"https:\/\/gustavogoni.com\/arte\/obra\/ensamblado\/cajas-luminicas\/caja-2\/\" data-type=\"page\" data-id=\"1371\">El huevo o la gallina<\/a><\/h2>\n\n\n\n<p>T\u00e9cnica: ensamblado de objeto de porcelana, piedra y semillas. Caja de madera con lente de aumento y espejo, iluminada.<\/p>\n\n\n\n<p id=\"block-d83464f0-3dab-428b-ac2b-89001a32c06c\">Fecha de realizaci\u00f3n: 2021<\/p>\n\n\n\n<p id=\"block-5588bbb6-91de-40fc-8683-0e9571bb48c7\">Medidas aprox.: 30 x 20 cm + 20 x 20 cm<\/p>\n\n\n\n<figure class=\"wp-block-gallery has-nested-images columns-default is-cropped wp-block-gallery-2 is-layout-flex wp-block-gallery-is-layout-flex\">\n<figure class=\"wp-block-image size-large\"><a href=\"https:\/\/gustavogoni.com\/arte\/wp-content\/uploads\/2022\/08\/04-2022-El-huevo-o-la-gallina-1-frente.jpg\"><img loading=\"lazy\" decoding=\"async\" width=\"1080\" height=\"720\" data-attachment-id=\"643\" data-permalink=\"https:\/\/gustavogoni.com\/arte\/04-2022-el-huevo-o-la-gallina-1-frente\/\" data-orig-file=\"https:\/\/gustavogoni.com\/arte\/wp-content\/uploads\/2022\/08\/04-2022-El-huevo-o-la-gallina-1-frente.jpg\" data-orig-size=\"1080,720\" data-comments-opened=\"1\" data-image-meta=\"{&quot;aperture&quot;:&quot;13&quot;,&quot;credit&quot;:&quot;&quot;,&quot;camera&quot;:&quot;Canon EOS 5D Mark III&quot;,&quot;caption&quot;:&quot;&quot;,&quot;created_timestamp&quot;:&quot;1649010359&quot;,&quot;copyright&quot;:&quot;&quot;,&quot;focal_length&quot;:&quot;24&quot;,&quot;iso&quot;:&quot;800&quot;,&quot;shutter_speed&quot;:&quot;0.0125&quot;,&quot;title&quot;:&quot;&quot;,&quot;orientation&quot;:&quot;1&quot;}\" data-image-title=\"04-2022-El huevo o la gallina &amp;#8211; 1 frente\" data-image-description=\"\" data-image-caption=\"\" data-large-file=\"https:\/\/gustavogoni.com\/arte\/wp-content\/uploads\/2022\/08\/04-2022-El-huevo-o-la-gallina-1-frente-1024x683.jpg\" data-id=\"643\" src=\"https:\/\/gustavogoni.com\/arte\/wp-content\/uploads\/2022\/08\/04-2022-El-huevo-o-la-gallina-1-frente.jpg\" alt=\"\" class=\"wp-image-643\" srcset=\"https:\/\/gustavogoni.com\/arte\/wp-content\/uploads\/2022\/08\/04-2022-El-huevo-o-la-gallina-1-frente.jpg 1080w, https:\/\/gustavogoni.com\/arte\/wp-content\/uploads\/2022\/08\/04-2022-El-huevo-o-la-gallina-1-frente-300x200.jpg 300w, https:\/\/gustavogoni.com\/arte\/wp-content\/uploads\/2022\/08\/04-2022-El-huevo-o-la-gallina-1-frente-1024x683.jpg 1024w, https:\/\/gustavogoni.com\/arte\/wp-content\/uploads\/2022\/08\/04-2022-El-huevo-o-la-gallina-1-frente-768x512.jpg 768w, https:\/\/gustavogoni.com\/arte\/wp-content\/uploads\/2022\/08\/04-2022-El-huevo-o-la-gallina-1-frente-930x620.jpg 930w\" sizes=\"auto, (max-width: 1080px) 100vw, 1080px\" \/><\/a><\/figure>\n\n\n\n<figure class=\"wp-block-image size-large\"><a href=\"https:\/\/gustavogoni.com\/arte\/wp-content\/uploads\/2022\/08\/04-2022-El-huevo-o-la-gallina-2-perfil.jpg\"><img loading=\"lazy\" decoding=\"async\" width=\"1080\" height=\"720\" data-attachment-id=\"644\" data-permalink=\"https:\/\/gustavogoni.com\/arte\/04-2022-el-huevo-o-la-gallina-2-perfil\/\" data-orig-file=\"https:\/\/gustavogoni.com\/arte\/wp-content\/uploads\/2022\/08\/04-2022-El-huevo-o-la-gallina-2-perfil.jpg\" data-orig-size=\"1080,720\" data-comments-opened=\"1\" data-image-meta=\"{&quot;aperture&quot;:&quot;18&quot;,&quot;credit&quot;:&quot;&quot;,&quot;camera&quot;:&quot;Canon EOS 5D Mark III&quot;,&quot;caption&quot;:&quot;&quot;,&quot;created_timestamp&quot;:&quot;1649011795&quot;,&quot;copyright&quot;:&quot;&quot;,&quot;focal_length&quot;:&quot;33&quot;,&quot;iso&quot;:&quot;800&quot;,&quot;shutter_speed&quot;:&quot;0.05&quot;,&quot;title&quot;:&quot;&quot;,&quot;orientation&quot;:&quot;1&quot;}\" data-image-title=\"04-2022-El huevo o la gallina &amp;#8211; 2 perfil\" data-image-description=\"\" data-image-caption=\"\" data-large-file=\"https:\/\/gustavogoni.com\/arte\/wp-content\/uploads\/2022\/08\/04-2022-El-huevo-o-la-gallina-2-perfil-1024x683.jpg\" data-id=\"644\" src=\"https:\/\/gustavogoni.com\/arte\/wp-content\/uploads\/2022\/08\/04-2022-El-huevo-o-la-gallina-2-perfil.jpg\" alt=\"\" class=\"wp-image-644\" srcset=\"https:\/\/gustavogoni.com\/arte\/wp-content\/uploads\/2022\/08\/04-2022-El-huevo-o-la-gallina-2-perfil.jpg 1080w, https:\/\/gustavogoni.com\/arte\/wp-content\/uploads\/2022\/08\/04-2022-El-huevo-o-la-gallina-2-perfil-300x200.jpg 300w, https:\/\/gustavogoni.com\/arte\/wp-content\/uploads\/2022\/08\/04-2022-El-huevo-o-la-gallina-2-perfil-1024x683.jpg 1024w, https:\/\/gustavogoni.com\/arte\/wp-content\/uploads\/2022\/08\/04-2022-El-huevo-o-la-gallina-2-perfil-768x512.jpg 768w, https:\/\/gustavogoni.com\/arte\/wp-content\/uploads\/2022\/08\/04-2022-El-huevo-o-la-gallina-2-perfil-930x620.jpg 930w\" sizes=\"auto, (max-width: 1080px) 100vw, 1080px\" \/><\/a><\/figure>\n<\/figure>\n\n\n\n<hr class=\"wp-block-separator has-alpha-channel-opacity\"\/>\n\n\n\n<h2 class=\"wp-block-heading\"><a href=\"https:\/\/gustavogoni.com\/arte\/obra\/ensamblado\/cajas-luminicas\/caja-3\/\" data-type=\"page\" data-id=\"1375\">EL Ni\u00f1o con EL perro<\/a><\/h2>\n\n\n\n<p>T\u00e9cnica: ensamblado de objeto de porcelana. Caja  de madera con lente de aumento y espejo, iluminada.<\/p>\n\n\n\n<p id=\"block-d83464f0-3dab-428b-ac2b-89001a32c06c\">Fecha de realizaci\u00f3n: 2021<\/p>\n\n\n\n<p id=\"block-5588bbb6-91de-40fc-8683-0e9571bb48c7\">Medidas aprox.: 30 x 20 cm + 20 x 20 cm<\/p>\n\n\n\n<figure class=\"wp-block-gallery has-nested-images columns-default is-cropped wp-block-gallery-3 is-layout-flex wp-block-gallery-is-layout-flex\">\n<figure class=\"wp-block-image size-large\"><a href=\"https:\/\/gustavogoni.com\/arte\/wp-content\/uploads\/2025\/09\/04-2021-Nino-con-su-perro-2-nuevo-baja.jpg\"><img loading=\"lazy\" decoding=\"async\" width=\"1024\" height=\"682\" data-attachment-id=\"1365\" data-permalink=\"https:\/\/gustavogoni.com\/arte\/obra\/ensamblado\/cajas-luminicas\/04-2021-nino-con-su-perro-2-nuevo-baja\/\" data-orig-file=\"https:\/\/gustavogoni.com\/arte\/wp-content\/uploads\/2025\/09\/04-2021-Nino-con-su-perro-2-nuevo-baja.jpg\" data-orig-size=\"1240,826\" data-comments-opened=\"1\" data-image-meta=\"{&quot;aperture&quot;:&quot;7.1&quot;,&quot;credit&quot;:&quot;&quot;,&quot;camera&quot;:&quot;Canon EOS 5D Mark IV&quot;,&quot;caption&quot;:&quot;&quot;,&quot;created_timestamp&quot;:&quot;1747183481&quot;,&quot;copyright&quot;:&quot;&quot;,&quot;focal_length&quot;:&quot;35&quot;,&quot;iso&quot;:&quot;160&quot;,&quot;shutter_speed&quot;:&quot;0.066666666666667&quot;,&quot;title&quot;:&quot;&quot;,&quot;orientation&quot;:&quot;1&quot;}\" data-image-title=\"04-2021-Nino-con-su-perro-2-nuevo-baja\" data-image-description=\"\" data-image-caption=\"\" data-large-file=\"https:\/\/gustavogoni.com\/arte\/wp-content\/uploads\/2025\/09\/04-2021-Nino-con-su-perro-2-nuevo-baja-1024x682.jpg\" data-id=\"1365\" src=\"https:\/\/gustavogoni.com\/arte\/wp-content\/uploads\/2025\/09\/04-2021-Nino-con-su-perro-2-nuevo-baja-1024x682.jpg\" alt=\"\" class=\"wp-image-1365\" srcset=\"https:\/\/gustavogoni.com\/arte\/wp-content\/uploads\/2025\/09\/04-2021-Nino-con-su-perro-2-nuevo-baja-1024x682.jpg 1024w, https:\/\/gustavogoni.com\/arte\/wp-content\/uploads\/2025\/09\/04-2021-Nino-con-su-perro-2-nuevo-baja-300x200.jpg 300w, https:\/\/gustavogoni.com\/arte\/wp-content\/uploads\/2025\/09\/04-2021-Nino-con-su-perro-2-nuevo-baja-768x512.jpg 768w, https:\/\/gustavogoni.com\/arte\/wp-content\/uploads\/2025\/09\/04-2021-Nino-con-su-perro-2-nuevo-baja-930x620.jpg 930w, https:\/\/gustavogoni.com\/arte\/wp-content\/uploads\/2025\/09\/04-2021-Nino-con-su-perro-2-nuevo-baja.jpg 1240w\" sizes=\"auto, (max-width: 1024px) 100vw, 1024px\" \/><\/a><\/figure>\n\n\n\n<figure class=\"wp-block-image size-large\"><a href=\"https:\/\/gustavogoni.com\/arte\/wp-content\/uploads\/2022\/08\/04-2022-Nino-con-perro-2-perfil.jpg\"><img loading=\"lazy\" decoding=\"async\" width=\"1080\" height=\"720\" data-attachment-id=\"641\" data-permalink=\"https:\/\/gustavogoni.com\/arte\/04-2022-nino-con-perro-2-perfil\/\" data-orig-file=\"https:\/\/gustavogoni.com\/arte\/wp-content\/uploads\/2022\/08\/04-2022-Nino-con-perro-2-perfil.jpg\" data-orig-size=\"1080,720\" data-comments-opened=\"1\" data-image-meta=\"{&quot;aperture&quot;:&quot;14&quot;,&quot;credit&quot;:&quot;&quot;,&quot;camera&quot;:&quot;Canon EOS 5D Mark III&quot;,&quot;caption&quot;:&quot;&quot;,&quot;created_timestamp&quot;:&quot;1649011622&quot;,&quot;copyright&quot;:&quot;&quot;,&quot;focal_length&quot;:&quot;28&quot;,&quot;iso&quot;:&quot;800&quot;,&quot;shutter_speed&quot;:&quot;0.3&quot;,&quot;title&quot;:&quot;&quot;,&quot;orientation&quot;:&quot;1&quot;}\" data-image-title=\"04-2022-Ni\u00f1o con perro &amp;#8211; 2 perfil\" data-image-description=\"\" data-image-caption=\"\" data-large-file=\"https:\/\/gustavogoni.com\/arte\/wp-content\/uploads\/2022\/08\/04-2022-Nino-con-perro-2-perfil-1024x683.jpg\" data-id=\"641\" src=\"https:\/\/gustavogoni.com\/arte\/wp-content\/uploads\/2022\/08\/04-2022-Nino-con-perro-2-perfil.jpg\" alt=\"\" class=\"wp-image-641\" srcset=\"https:\/\/gustavogoni.com\/arte\/wp-content\/uploads\/2022\/08\/04-2022-Nino-con-perro-2-perfil.jpg 1080w, https:\/\/gustavogoni.com\/arte\/wp-content\/uploads\/2022\/08\/04-2022-Nino-con-perro-2-perfil-300x200.jpg 300w, https:\/\/gustavogoni.com\/arte\/wp-content\/uploads\/2022\/08\/04-2022-Nino-con-perro-2-perfil-1024x683.jpg 1024w, https:\/\/gustavogoni.com\/arte\/wp-content\/uploads\/2022\/08\/04-2022-Nino-con-perro-2-perfil-768x512.jpg 768w, https:\/\/gustavogoni.com\/arte\/wp-content\/uploads\/2022\/08\/04-2022-Nino-con-perro-2-perfil-930x620.jpg 930w\" sizes=\"auto, (max-width: 1080px) 100vw, 1080px\" \/><\/a><\/figure>\n<\/figure>\n\n\n\n<hr class=\"wp-block-separator has-alpha-channel-opacity\"\/>\n\n\n\n<h2 class=\"wp-block-heading\"><a href=\"https:\/\/gustavogoni.com\/arte\/obra\/ensamblado\/cajas-luminicas\/caja-4\/\" data-type=\"page\" data-id=\"1381\">Correr la coneja<\/a><\/h2>\n\n\n\n<div class=\"wp-block-group\"><div class=\"wp-block-group__inner-container is-layout-flow wp-block-group-is-layout-flow\">\n<p>T\u00e9cnica: ensamblado de miniaturas en pl\u00e1stico con objetos de maquetaci\u00f3n. Caja de madera con lente de aumento y motor, iluminada. Con movimiento interior.<\/p>\n<\/div><\/div>\n\n\n\n<p>Fecha de realizaci\u00f3n: 2022<\/p>\n\n\n\n<p>Medidas aprox.: 30 x 20 cm + 20 x 20 cm<\/p>\n\n\n\n<figure class=\"wp-block-gallery has-nested-images columns-default is-cropped wp-block-gallery-4 is-layout-flex wp-block-gallery-is-layout-flex\">\n<figure class=\"wp-block-image size-large\"><a href=\"https:\/\/gustavogoni.com\/arte\/wp-content\/uploads\/2022\/08\/04-2022-Correr-la-coneja-1-frente.jpg\"><img loading=\"lazy\" decoding=\"async\" width=\"1080\" height=\"720\" data-attachment-id=\"645\" data-permalink=\"https:\/\/gustavogoni.com\/arte\/04-2022-correr-la-coneja-1-frente\/\" data-orig-file=\"https:\/\/gustavogoni.com\/arte\/wp-content\/uploads\/2022\/08\/04-2022-Correr-la-coneja-1-frente.jpg\" data-orig-size=\"1080,720\" data-comments-opened=\"1\" data-image-meta=\"{&quot;aperture&quot;:&quot;22&quot;,&quot;credit&quot;:&quot;&quot;,&quot;camera&quot;:&quot;Canon EOS 5D Mark III&quot;,&quot;caption&quot;:&quot;&quot;,&quot;created_timestamp&quot;:&quot;1658774582&quot;,&quot;copyright&quot;:&quot;&quot;,&quot;focal_length&quot;:&quot;70&quot;,&quot;iso&quot;:&quot;400&quot;,&quot;shutter_speed&quot;:&quot;0.5&quot;,&quot;title&quot;:&quot;&quot;,&quot;orientation&quot;:&quot;1&quot;}\" data-image-title=\"04-2022-Correr la coneja &amp;#8211; 1 frente\" data-image-description=\"\" data-image-caption=\"\" data-large-file=\"https:\/\/gustavogoni.com\/arte\/wp-content\/uploads\/2022\/08\/04-2022-Correr-la-coneja-1-frente-1024x683.jpg\" data-id=\"645\" src=\"https:\/\/gustavogoni.com\/arte\/wp-content\/uploads\/2022\/08\/04-2022-Correr-la-coneja-1-frente.jpg\" alt=\"\" class=\"wp-image-645\" srcset=\"https:\/\/gustavogoni.com\/arte\/wp-content\/uploads\/2022\/08\/04-2022-Correr-la-coneja-1-frente.jpg 1080w, https:\/\/gustavogoni.com\/arte\/wp-content\/uploads\/2022\/08\/04-2022-Correr-la-coneja-1-frente-300x200.jpg 300w, https:\/\/gustavogoni.com\/arte\/wp-content\/uploads\/2022\/08\/04-2022-Correr-la-coneja-1-frente-1024x683.jpg 1024w, https:\/\/gustavogoni.com\/arte\/wp-content\/uploads\/2022\/08\/04-2022-Correr-la-coneja-1-frente-768x512.jpg 768w, https:\/\/gustavogoni.com\/arte\/wp-content\/uploads\/2022\/08\/04-2022-Correr-la-coneja-1-frente-930x620.jpg 930w\" sizes=\"auto, (max-width: 1080px) 100vw, 1080px\" \/><\/a><\/figure>\n\n\n\n<figure class=\"wp-block-image size-large\"><a href=\"https:\/\/gustavogoni.com\/arte\/wp-content\/uploads\/2022\/08\/04-2022-Correr-la-coneja-2-perfil.jpg\"><img loading=\"lazy\" decoding=\"async\" width=\"1080\" height=\"720\" data-attachment-id=\"646\" data-permalink=\"https:\/\/gustavogoni.com\/arte\/04-2022-correr-la-coneja-2-perfil\/\" data-orig-file=\"https:\/\/gustavogoni.com\/arte\/wp-content\/uploads\/2022\/08\/04-2022-Correr-la-coneja-2-perfil.jpg\" data-orig-size=\"1080,720\" data-comments-opened=\"1\" data-image-meta=\"{&quot;aperture&quot;:&quot;22&quot;,&quot;credit&quot;:&quot;&quot;,&quot;camera&quot;:&quot;Canon EOS 5D Mark III&quot;,&quot;caption&quot;:&quot;&quot;,&quot;created_timestamp&quot;:&quot;1658774354&quot;,&quot;copyright&quot;:&quot;&quot;,&quot;focal_length&quot;:&quot;31&quot;,&quot;iso&quot;:&quot;400&quot;,&quot;shutter_speed&quot;:&quot;0.3&quot;,&quot;title&quot;:&quot;&quot;,&quot;orientation&quot;:&quot;1&quot;}\" data-image-title=\"04-2022-Correr la coneja &amp;#8211; 2 perfil\" data-image-description=\"\" data-image-caption=\"\" data-large-file=\"https:\/\/gustavogoni.com\/arte\/wp-content\/uploads\/2022\/08\/04-2022-Correr-la-coneja-2-perfil-1024x683.jpg\" data-id=\"646\" src=\"https:\/\/gustavogoni.com\/arte\/wp-content\/uploads\/2022\/08\/04-2022-Correr-la-coneja-2-perfil.jpg\" alt=\"\" class=\"wp-image-646\" srcset=\"https:\/\/gustavogoni.com\/arte\/wp-content\/uploads\/2022\/08\/04-2022-Correr-la-coneja-2-perfil.jpg 1080w, https:\/\/gustavogoni.com\/arte\/wp-content\/uploads\/2022\/08\/04-2022-Correr-la-coneja-2-perfil-300x200.jpg 300w, https:\/\/gustavogoni.com\/arte\/wp-content\/uploads\/2022\/08\/04-2022-Correr-la-coneja-2-perfil-1024x683.jpg 1024w, https:\/\/gustavogoni.com\/arte\/wp-content\/uploads\/2022\/08\/04-2022-Correr-la-coneja-2-perfil-768x512.jpg 768w, https:\/\/gustavogoni.com\/arte\/wp-content\/uploads\/2022\/08\/04-2022-Correr-la-coneja-2-perfil-930x620.jpg 930w\" sizes=\"auto, (max-width: 1080px) 100vw, 1080px\" \/><\/a><\/figure>\n<\/figure>\n\n\n\n<hr class=\"wp-block-separator has-alpha-channel-opacity\"\/>\n\n\n\n<h2 class=\"wp-block-heading\"><a href=\"https:\/\/gustavogoni.com\/arte\/obra\/ensamblado\/cajas-luminicas\/caja-5\/\" data-type=\"page\" data-id=\"1386\">LA CASA<\/a><\/h2>\n\n\n\n<p>T\u00e9cnica: ensamblado de miniaturas en pl\u00e1stico con objetos de maquetaci\u00f3n y fotograf\u00eda. Caja de madera con lente de aumento, iluminada. <\/p>\n\n\n\n<p id=\"block-d83464f0-3dab-428b-ac2b-89001a32c06c\">Fecha de realizaci\u00f3n: 2024<\/p>\n\n\n\n<p id=\"block-5588bbb6-91de-40fc-8683-0e9571bb48c7\">Medidas aprox.: 30 x 20 cm + 20 x 20 cm<\/p>\n\n\n\n<figure class=\"wp-block-gallery has-nested-images columns-default is-cropped wp-block-gallery-5 is-layout-flex wp-block-gallery-is-layout-flex\">\n<figure class=\"wp-block-image size-large\"><a href=\"https:\/\/gustavogoni.com\/arte\/wp-content\/uploads\/2024\/04\/04-2024-La-casa-1-frente.jpg\"><img loading=\"lazy\" decoding=\"async\" width=\"1024\" height=\"682\" data-attachment-id=\"1035\" data-permalink=\"https:\/\/gustavogoni.com\/arte\/obra\/ensamblado\/cajas-luminicas\/04-2024-la-casa-1-frente\/\" data-orig-file=\"https:\/\/gustavogoni.com\/arte\/wp-content\/uploads\/2024\/04\/04-2024-La-casa-1-frente.jpg\" data-orig-size=\"1080,719\" data-comments-opened=\"1\" data-image-meta=\"{&quot;aperture&quot;:&quot;6.3&quot;,&quot;credit&quot;:&quot;&quot;,&quot;camera&quot;:&quot;Canon EOS 5D Mark III&quot;,&quot;caption&quot;:&quot;&quot;,&quot;created_timestamp&quot;:&quot;1712914694&quot;,&quot;copyright&quot;:&quot;&quot;,&quot;focal_length&quot;:&quot;24&quot;,&quot;iso&quot;:&quot;2000&quot;,&quot;shutter_speed&quot;:&quot;0.016666666666667&quot;,&quot;title&quot;:&quot;&quot;,&quot;orientation&quot;:&quot;1&quot;}\" data-image-title=\"04-2024-La-casa-1-frente\" data-image-description=\"\" data-image-caption=\"\" data-large-file=\"https:\/\/gustavogoni.com\/arte\/wp-content\/uploads\/2024\/04\/04-2024-La-casa-1-frente-1024x682.jpg\" data-id=\"1035\" src=\"https:\/\/gustavogoni.com\/arte\/wp-content\/uploads\/2024\/04\/04-2024-La-casa-1-frente-1024x682.jpg\" alt=\"\" class=\"wp-image-1035\" srcset=\"https:\/\/gustavogoni.com\/arte\/wp-content\/uploads\/2024\/04\/04-2024-La-casa-1-frente-1024x682.jpg 1024w, https:\/\/gustavogoni.com\/arte\/wp-content\/uploads\/2024\/04\/04-2024-La-casa-1-frente-300x200.jpg 300w, https:\/\/gustavogoni.com\/arte\/wp-content\/uploads\/2024\/04\/04-2024-La-casa-1-frente-768x511.jpg 768w, https:\/\/gustavogoni.com\/arte\/wp-content\/uploads\/2024\/04\/04-2024-La-casa-1-frente-930x620.jpg 930w, https:\/\/gustavogoni.com\/arte\/wp-content\/uploads\/2024\/04\/04-2024-La-casa-1-frente.jpg 1080w\" sizes=\"auto, (max-width: 1024px) 100vw, 1024px\" \/><\/a><\/figure>\n\n\n\n<figure class=\"wp-block-image size-large\"><a href=\"https:\/\/gustavogoni.com\/arte\/wp-content\/uploads\/2024\/04\/04-2024-La-casa-1-perfil.jpg\"><img loading=\"lazy\" decoding=\"async\" width=\"1024\" height=\"683\" data-attachment-id=\"1036\" data-permalink=\"https:\/\/gustavogoni.com\/arte\/obra\/ensamblado\/cajas-luminicas\/04-2024-la-casa-1-perfil\/\" data-orig-file=\"https:\/\/gustavogoni.com\/arte\/wp-content\/uploads\/2024\/04\/04-2024-La-casa-1-perfil.jpg\" data-orig-size=\"1080,720\" data-comments-opened=\"1\" data-image-meta=\"{&quot;aperture&quot;:&quot;11&quot;,&quot;credit&quot;:&quot;&quot;,&quot;camera&quot;:&quot;Canon EOS 5D Mark III&quot;,&quot;caption&quot;:&quot;&quot;,&quot;created_timestamp&quot;:&quot;1712914226&quot;,&quot;copyright&quot;:&quot;&quot;,&quot;focal_length&quot;:&quot;70&quot;,&quot;iso&quot;:&quot;125&quot;,&quot;shutter_speed&quot;:&quot;0.3&quot;,&quot;title&quot;:&quot;&quot;,&quot;orientation&quot;:&quot;1&quot;}\" data-image-title=\"04-2024-La-casa-1-perfil\" data-image-description=\"\" data-image-caption=\"\" data-large-file=\"https:\/\/gustavogoni.com\/arte\/wp-content\/uploads\/2024\/04\/04-2024-La-casa-1-perfil-1024x683.jpg\" data-id=\"1036\" src=\"https:\/\/gustavogoni.com\/arte\/wp-content\/uploads\/2024\/04\/04-2024-La-casa-1-perfil-1024x683.jpg\" alt=\"\" class=\"wp-image-1036\" srcset=\"https:\/\/gustavogoni.com\/arte\/wp-content\/uploads\/2024\/04\/04-2024-La-casa-1-perfil-1024x683.jpg 1024w, https:\/\/gustavogoni.com\/arte\/wp-content\/uploads\/2024\/04\/04-2024-La-casa-1-perfil-300x200.jpg 300w, https:\/\/gustavogoni.com\/arte\/wp-content\/uploads\/2024\/04\/04-2024-La-casa-1-perfil-768x512.jpg 768w, https:\/\/gustavogoni.com\/arte\/wp-content\/uploads\/2024\/04\/04-2024-La-casa-1-perfil-930x620.jpg 930w, https:\/\/gustavogoni.com\/arte\/wp-content\/uploads\/2024\/04\/04-2024-La-casa-1-perfil.jpg 1080w\" sizes=\"auto, (max-width: 1024px) 100vw, 1024px\" \/><\/a><\/figure>\n<\/figure>\n\n\n\n<hr class=\"wp-block-separator has-alpha-channel-opacity\"\/>\n\n\n\n<h2 class=\"wp-block-heading\"><a href=\"https:\/\/gustavogoni.com\/arte\/obra\/ensamblado\/cajas-luminicas\/caja-6\/\" data-type=\"page\" data-id=\"1391\">EL ni\u00f1o y EL caballo<\/a><\/h2>\n\n\n\n<p>T\u00e9cnica: ensamblado de objeto de cer\u00e1mica, hilo y bronce, de realizaci\u00f3n propia y fotograf\u00eda. Caja de madera con doble lupa, iluminada.<\/p>\n\n\n\n<p id=\"block-d83464f0-3dab-428b-ac2b-89001a32c06c\">Fecha de realizaci\u00f3n: 2024<\/p>\n\n\n\n<p id=\"block-5588bbb6-91de-40fc-8683-0e9571bb48c7\">Medidas aprox.: 30 x 20 cm + 20 x 20 cm<\/p>\n\n\n\n<figure class=\"wp-block-gallery has-nested-images columns-default is-cropped wp-block-gallery-6 is-layout-flex wp-block-gallery-is-layout-flex\">\n<figure class=\"wp-block-image size-large\"><a href=\"https:\/\/gustavogoni.com\/arte\/wp-content\/uploads\/2024\/04\/04-2024-Nino-y-caballo-1-frente-rectangular-1.jpg\"><img loading=\"lazy\" decoding=\"async\" width=\"1024\" height=\"683\" data-attachment-id=\"1042\" data-permalink=\"https:\/\/gustavogoni.com\/arte\/obra\/ensamblado\/cajas-luminicas\/xrddagcplbkzog4j6237910163931862487t24041222\/\" data-orig-file=\"https:\/\/gustavogoni.com\/arte\/wp-content\/uploads\/2024\/04\/04-2024-Nino-y-caballo-1-frente-rectangular-1.jpg\" data-orig-size=\"1080,720\" data-comments-opened=\"1\" data-image-meta=\"{&quot;aperture&quot;:&quot;0&quot;,&quot;credit&quot;:&quot;&quot;,&quot;camera&quot;:&quot;&quot;,&quot;caption&quot;:&quot;xr:d:DAGCPlBkZog:4,j:6237910163931862487,t:24041222&quot;,&quot;created_timestamp&quot;:&quot;0&quot;,&quot;copyright&quot;:&quot;&quot;,&quot;focal_length&quot;:&quot;0&quot;,&quot;iso&quot;:&quot;0&quot;,&quot;shutter_speed&quot;:&quot;0&quot;,&quot;title&quot;:&quot;xr:d:DAGCPlBkZog:4,j:6237910163931862487,t:24041222&quot;,&quot;orientation&quot;:&quot;1&quot;}\" data-image-title=\"xr:d:DAGCPlBkZog:4,j:6237910163931862487,t:24041222\" data-image-description=\"\" data-image-caption=\"&lt;p&gt;xr:d:DAGCPlBkZog:4,j:6237910163931862487,t:24041222&lt;\/p&gt;\n\" data-large-file=\"https:\/\/gustavogoni.com\/arte\/wp-content\/uploads\/2024\/04\/04-2024-Nino-y-caballo-1-frente-rectangular-1-1024x683.jpg\" data-id=\"1042\" src=\"https:\/\/gustavogoni.com\/arte\/wp-content\/uploads\/2024\/04\/04-2024-Nino-y-caballo-1-frente-rectangular-1-1024x683.jpg\" alt=\"\" class=\"wp-image-1042\" srcset=\"https:\/\/gustavogoni.com\/arte\/wp-content\/uploads\/2024\/04\/04-2024-Nino-y-caballo-1-frente-rectangular-1-1024x683.jpg 1024w, https:\/\/gustavogoni.com\/arte\/wp-content\/uploads\/2024\/04\/04-2024-Nino-y-caballo-1-frente-rectangular-1-300x200.jpg 300w, https:\/\/gustavogoni.com\/arte\/wp-content\/uploads\/2024\/04\/04-2024-Nino-y-caballo-1-frente-rectangular-1-768x512.jpg 768w, https:\/\/gustavogoni.com\/arte\/wp-content\/uploads\/2024\/04\/04-2024-Nino-y-caballo-1-frente-rectangular-1-930x620.jpg 930w, https:\/\/gustavogoni.com\/arte\/wp-content\/uploads\/2024\/04\/04-2024-Nino-y-caballo-1-frente-rectangular-1.jpg 1080w\" sizes=\"auto, (max-width: 1024px) 100vw, 1024px\" \/><\/a><\/figure>\n\n\n\n<figure class=\"wp-block-image size-large\"><a href=\"https:\/\/gustavogoni.com\/arte\/wp-content\/uploads\/2024\/04\/04-2024-Nino-y-caballo-1-perfil.jpg\"><img loading=\"lazy\" decoding=\"async\" width=\"1024\" height=\"682\" data-attachment-id=\"1038\" data-permalink=\"https:\/\/gustavogoni.com\/arte\/obra\/ensamblado\/cajas-luminicas\/04-2024-nino-y-caballo-1-perfil\/\" data-orig-file=\"https:\/\/gustavogoni.com\/arte\/wp-content\/uploads\/2024\/04\/04-2024-Nino-y-caballo-1-perfil.jpg\" data-orig-size=\"1080,719\" data-comments-opened=\"1\" data-image-meta=\"{&quot;aperture&quot;:&quot;11&quot;,&quot;credit&quot;:&quot;&quot;,&quot;camera&quot;:&quot;Canon EOS 5D Mark III&quot;,&quot;caption&quot;:&quot;&quot;,&quot;created_timestamp&quot;:&quot;1712907467&quot;,&quot;copyright&quot;:&quot;&quot;,&quot;focal_length&quot;:&quot;70&quot;,&quot;iso&quot;:&quot;125&quot;,&quot;shutter_speed&quot;:&quot;0.1&quot;,&quot;title&quot;:&quot;&quot;,&quot;orientation&quot;:&quot;1&quot;}\" data-image-title=\"04-2024-Nino-y-caballo-1-perfil\" data-image-description=\"\" data-image-caption=\"\" data-large-file=\"https:\/\/gustavogoni.com\/arte\/wp-content\/uploads\/2024\/04\/04-2024-Nino-y-caballo-1-perfil-1024x682.jpg\" data-id=\"1038\" src=\"https:\/\/gustavogoni.com\/arte\/wp-content\/uploads\/2024\/04\/04-2024-Nino-y-caballo-1-perfil-1024x682.jpg\" alt=\"\" class=\"wp-image-1038\" srcset=\"https:\/\/gustavogoni.com\/arte\/wp-content\/uploads\/2024\/04\/04-2024-Nino-y-caballo-1-perfil-1024x682.jpg 1024w, https:\/\/gustavogoni.com\/arte\/wp-content\/uploads\/2024\/04\/04-2024-Nino-y-caballo-1-perfil-300x200.jpg 300w, https:\/\/gustavogoni.com\/arte\/wp-content\/uploads\/2024\/04\/04-2024-Nino-y-caballo-1-perfil-768x511.jpg 768w, https:\/\/gustavogoni.com\/arte\/wp-content\/uploads\/2024\/04\/04-2024-Nino-y-caballo-1-perfil-930x620.jpg 930w, https:\/\/gustavogoni.com\/arte\/wp-content\/uploads\/2024\/04\/04-2024-Nino-y-caballo-1-perfil.jpg 1080w\" sizes=\"auto, (max-width: 1024px) 100vw, 1024px\" \/><\/a><\/figure>\n<\/figure>\n\n\n\n<hr class=\"wp-block-separator has-alpha-channel-opacity\"\/>\n\n\n\n<h2 class=\"wp-block-heading\"><a href=\"https:\/\/gustavogoni.com\/arte\/obra\/ensamblado\/cajas-luminicas\/caja-7\/\" data-type=\"page\" data-id=\"1397\">DESPU\u00c9S DE LA CASA<\/a><\/h2>\n\n\n\n<p>T\u00e9cnica: ensamblado de objeto de porcelana (taza) y espejos. Caja de madera con visor, iluminada.<\/p>\n\n\n\n<p id=\"block-d83464f0-3dab-428b-ac2b-89001a32c06c\">Fecha de realizaci\u00f3n: 2024<\/p>\n\n\n\n<p id=\"block-5588bbb6-91de-40fc-8683-0e9571bb48c7\">Medidas aprox.: 30 x 20 cm + 20 x 20 cm<\/p>\n\n\n\n<figure class=\"wp-block-gallery has-nested-images columns-default is-cropped wp-block-gallery-7 is-layout-flex wp-block-gallery-is-layout-flex\">\n<figure class=\"wp-block-image size-large\"><a href=\"https:\/\/gustavogoni.com\/arte\/wp-content\/uploads\/2025\/09\/04-2024-Despues-de-la-casa-1-frente-foto-nueva-baja.jpg\"><img loading=\"lazy\" decoding=\"async\" width=\"1024\" height=\"682\" data-attachment-id=\"1354\" data-permalink=\"https:\/\/gustavogoni.com\/arte\/obra\/ensamblado\/cajas-luminicas\/04-2024-despues-de-la-casa-1-frente-foto-nueva-baja\/\" data-orig-file=\"https:\/\/gustavogoni.com\/arte\/wp-content\/uploads\/2025\/09\/04-2024-Despues-de-la-casa-1-frente-foto-nueva-baja.jpg\" data-orig-size=\"1240,826\" data-comments-opened=\"1\" data-image-meta=\"{&quot;aperture&quot;:&quot;10&quot;,&quot;credit&quot;:&quot;&quot;,&quot;camera&quot;:&quot;Canon EOS 5D Mark IV&quot;,&quot;caption&quot;:&quot;&quot;,&quot;created_timestamp&quot;:&quot;1747181448&quot;,&quot;copyright&quot;:&quot;&quot;,&quot;focal_length&quot;:&quot;42&quot;,&quot;iso&quot;:&quot;160&quot;,&quot;shutter_speed&quot;:&quot;0.05&quot;,&quot;title&quot;:&quot;&quot;,&quot;orientation&quot;:&quot;1&quot;}\" data-image-title=\"04-2024-Despu\u00e9s de la casa &amp;#8211; 1 frente &amp;#8211; foto nueva baja\" data-image-description=\"\" data-image-caption=\"\" data-large-file=\"https:\/\/gustavogoni.com\/arte\/wp-content\/uploads\/2025\/09\/04-2024-Despues-de-la-casa-1-frente-foto-nueva-baja-1024x682.jpg\" data-id=\"1354\" src=\"https:\/\/gustavogoni.com\/arte\/wp-content\/uploads\/2025\/09\/04-2024-Despues-de-la-casa-1-frente-foto-nueva-baja-1024x682.jpg\" alt=\"\" class=\"wp-image-1354\" srcset=\"https:\/\/gustavogoni.com\/arte\/wp-content\/uploads\/2025\/09\/04-2024-Despues-de-la-casa-1-frente-foto-nueva-baja-1024x682.jpg 1024w, https:\/\/gustavogoni.com\/arte\/wp-content\/uploads\/2025\/09\/04-2024-Despues-de-la-casa-1-frente-foto-nueva-baja-300x200.jpg 300w, https:\/\/gustavogoni.com\/arte\/wp-content\/uploads\/2025\/09\/04-2024-Despues-de-la-casa-1-frente-foto-nueva-baja-768x512.jpg 768w, https:\/\/gustavogoni.com\/arte\/wp-content\/uploads\/2025\/09\/04-2024-Despues-de-la-casa-1-frente-foto-nueva-baja-930x620.jpg 930w, https:\/\/gustavogoni.com\/arte\/wp-content\/uploads\/2025\/09\/04-2024-Despues-de-la-casa-1-frente-foto-nueva-baja.jpg 1240w\" sizes=\"auto, (max-width: 1024px) 100vw, 1024px\" \/><\/a><\/figure>\n\n\n\n<figure class=\"wp-block-image size-large\"><a href=\"https:\/\/gustavogoni.com\/arte\/wp-content\/uploads\/2025\/09\/04-2024-Despues-de-la-casa-perfil-baja.jpg\"><img loading=\"lazy\" decoding=\"async\" width=\"1024\" height=\"682\" data-attachment-id=\"1361\" data-permalink=\"https:\/\/gustavogoni.com\/arte\/obra\/ensamblado\/cajas-luminicas\/04-2024-despues-de-la-casa-perfil-baja\/\" data-orig-file=\"https:\/\/gustavogoni.com\/arte\/wp-content\/uploads\/2025\/09\/04-2024-Despues-de-la-casa-perfil-baja.jpg\" data-orig-size=\"1240,826\" data-comments-opened=\"1\" data-image-meta=\"{&quot;aperture&quot;:&quot;9&quot;,&quot;credit&quot;:&quot;&quot;,&quot;camera&quot;:&quot;Canon EOS 5D Mark III&quot;,&quot;caption&quot;:&quot;&quot;,&quot;created_timestamp&quot;:&quot;1758483011&quot;,&quot;copyright&quot;:&quot;&quot;,&quot;focal_length&quot;:&quot;59&quot;,&quot;iso&quot;:&quot;160&quot;,&quot;shutter_speed&quot;:&quot;0.1&quot;,&quot;title&quot;:&quot;&quot;,&quot;orientation&quot;:&quot;1&quot;}\" data-image-title=\"04-2024-Despues-de-la-casa-perfil-baja\" data-image-description=\"\" data-image-caption=\"\" data-large-file=\"https:\/\/gustavogoni.com\/arte\/wp-content\/uploads\/2025\/09\/04-2024-Despues-de-la-casa-perfil-baja-1024x682.jpg\" data-id=\"1361\" src=\"https:\/\/gustavogoni.com\/arte\/wp-content\/uploads\/2025\/09\/04-2024-Despues-de-la-casa-perfil-baja-1024x682.jpg\" alt=\"\" class=\"wp-image-1361\" srcset=\"https:\/\/gustavogoni.com\/arte\/wp-content\/uploads\/2025\/09\/04-2024-Despues-de-la-casa-perfil-baja-1024x682.jpg 1024w, https:\/\/gustavogoni.com\/arte\/wp-content\/uploads\/2025\/09\/04-2024-Despues-de-la-casa-perfil-baja-300x200.jpg 300w, https:\/\/gustavogoni.com\/arte\/wp-content\/uploads\/2025\/09\/04-2024-Despues-de-la-casa-perfil-baja-768x512.jpg 768w, https:\/\/gustavogoni.com\/arte\/wp-content\/uploads\/2025\/09\/04-2024-Despues-de-la-casa-perfil-baja-930x620.jpg 930w, https:\/\/gustavogoni.com\/arte\/wp-content\/uploads\/2025\/09\/04-2024-Despues-de-la-casa-perfil-baja.jpg 1240w\" sizes=\"auto, (max-width: 1024px) 100vw, 1024px\" \/><\/a><\/figure>\n<\/figure>\n\n\n\n<hr class=\"wp-block-separator has-alpha-channel-opacity\"\/>\n\n\n\n<h3 class=\"wp-block-heading\">Fotos expuestas en la Muestra Diorama<\/h3>\n\n\n\n<div id=\"wp-block-themeisle-blocks-slider-f4dcce6d\" class=\"wp-block-themeisle-blocks-slider glide\" data-per-view=\"1\" data-gap=\"0\" data-peek=\"0\" data-autoplay=\"true\" data-height=\"640px\" data-hide-arrows=\"false\"><div class=\"glide__track\" data-glide-el=\"track\"><div class=\"glide__slides\"><div class=\"wp-block-themeisle-blocks-slider-item-wrapper glide__slide\" tabindex=\"0\"><figure><img decoding=\"async\" data-attachment-id=\"1412\" data-permalink=\"https:\/\/gustavogoni.com\/arte\/obra\/ensamblado\/cajas-luminicas\/dioramas-cuadros-15x20-cm-2025-1\/\" data-orig-file=\"https:\/\/gustavogoni.com\/arte\/wp-content\/uploads\/2025\/09\/Dioramas-cuadros-15x20-cm-2025-1.jpg\" data-orig-size=\"1240,826\" data-comments-opened=\"1\" data-image-meta=\"{&quot;aperture&quot;:&quot;0&quot;,&quot;credit&quot;:&quot;&quot;,&quot;camera&quot;:&quot;&quot;,&quot;caption&quot;:&quot;&quot;,&quot;created_timestamp&quot;:&quot;0&quot;,&quot;copyright&quot;:&quot;&quot;,&quot;focal_length&quot;:&quot;0&quot;,&quot;iso&quot;:&quot;0&quot;,&quot;shutter_speed&quot;:&quot;0&quot;,&quot;title&quot;:&quot;&quot;,&quot;orientation&quot;:&quot;0&quot;}\" data-image-title=\"Dioramas &amp;#8211; cuadros 15&amp;#215;20 cm &amp;#8211; 2025 (1)\" data-image-description=\"\" data-image-caption=\"\" data-large-file=\"https:\/\/gustavogoni.com\/arte\/wp-content\/uploads\/2025\/09\/Dioramas-cuadros-15x20-cm-2025-1-1024x682.jpg\" class=\"wp-block-themeisle-blocks-slider-item\" src=\"https:\/\/gustavogoni.com\/arte\/wp-content\/uploads\/2025\/09\/Dioramas-cuadros-15x20-cm-2025-1.jpg\" alt=\"\" title=\"\" data-id=\"1412\"\/><\/figure><\/div><div class=\"wp-block-themeisle-blocks-slider-item-wrapper glide__slide\" tabindex=\"0\"><figure><img decoding=\"async\" data-attachment-id=\"1409\" data-permalink=\"https:\/\/gustavogoni.com\/arte\/obra\/ensamblado\/cajas-luminicas\/dioramas-cuadros-15x20-cm-2025-2\/\" data-orig-file=\"https:\/\/gustavogoni.com\/arte\/wp-content\/uploads\/2025\/09\/Dioramas-cuadros-15x20-cm-2025-2.jpg\" data-orig-size=\"1240,826\" data-comments-opened=\"1\" data-image-meta=\"{&quot;aperture&quot;:&quot;0&quot;,&quot;credit&quot;:&quot;&quot;,&quot;camera&quot;:&quot;&quot;,&quot;caption&quot;:&quot;&quot;,&quot;created_timestamp&quot;:&quot;0&quot;,&quot;copyright&quot;:&quot;&quot;,&quot;focal_length&quot;:&quot;0&quot;,&quot;iso&quot;:&quot;0&quot;,&quot;shutter_speed&quot;:&quot;0&quot;,&quot;title&quot;:&quot;&quot;,&quot;orientation&quot;:&quot;0&quot;}\" data-image-title=\"Dioramas &amp;#8211; cuadros 15&amp;#215;20 cm &amp;#8211; 2025 (2)\" data-image-description=\"\" data-image-caption=\"\" data-large-file=\"https:\/\/gustavogoni.com\/arte\/wp-content\/uploads\/2025\/09\/Dioramas-cuadros-15x20-cm-2025-2-1024x682.jpg\" class=\"wp-block-themeisle-blocks-slider-item\" src=\"https:\/\/gustavogoni.com\/arte\/wp-content\/uploads\/2025\/09\/Dioramas-cuadros-15x20-cm-2025-2.jpg\" alt=\"\" title=\"\" data-id=\"1409\"\/><\/figure><\/div><div class=\"wp-block-themeisle-blocks-slider-item-wrapper glide__slide\" tabindex=\"0\"><figure><img decoding=\"async\" data-attachment-id=\"1416\" data-permalink=\"https:\/\/gustavogoni.com\/arte\/obra\/ensamblado\/cajas-luminicas\/dioramas-cuadros-15x20-cm-2025-3\/\" data-orig-file=\"https:\/\/gustavogoni.com\/arte\/wp-content\/uploads\/2025\/09\/Dioramas-cuadros-15x20-cm-2025-3.jpg\" data-orig-size=\"1240,826\" data-comments-opened=\"1\" data-image-meta=\"{&quot;aperture&quot;:&quot;0&quot;,&quot;credit&quot;:&quot;&quot;,&quot;camera&quot;:&quot;&quot;,&quot;caption&quot;:&quot;&quot;,&quot;created_timestamp&quot;:&quot;0&quot;,&quot;copyright&quot;:&quot;&quot;,&quot;focal_length&quot;:&quot;0&quot;,&quot;iso&quot;:&quot;0&quot;,&quot;shutter_speed&quot;:&quot;0&quot;,&quot;title&quot;:&quot;&quot;,&quot;orientation&quot;:&quot;0&quot;}\" data-image-title=\"Dioramas &amp;#8211; cuadros 15&amp;#215;20 cm &amp;#8211; 2025 (3)\" data-image-description=\"\" data-image-caption=\"\" data-large-file=\"https:\/\/gustavogoni.com\/arte\/wp-content\/uploads\/2025\/09\/Dioramas-cuadros-15x20-cm-2025-3-1024x682.jpg\" class=\"wp-block-themeisle-blocks-slider-item\" src=\"https:\/\/gustavogoni.com\/arte\/wp-content\/uploads\/2025\/09\/Dioramas-cuadros-15x20-cm-2025-3.jpg\" alt=\"\" title=\"\" data-id=\"1416\"\/><\/figure><\/div><div class=\"wp-block-themeisle-blocks-slider-item-wrapper glide__slide\" tabindex=\"0\"><figure><img decoding=\"async\" data-attachment-id=\"1418\" data-permalink=\"https:\/\/gustavogoni.com\/arte\/obra\/ensamblado\/cajas-luminicas\/dioramas-cuadros-15x20-cm-2025-4\/\" data-orig-file=\"https:\/\/gustavogoni.com\/arte\/wp-content\/uploads\/2025\/09\/Dioramas-cuadros-15x20-cm-2025-4.jpg\" data-orig-size=\"1240,826\" data-comments-opened=\"1\" data-image-meta=\"{&quot;aperture&quot;:&quot;0&quot;,&quot;credit&quot;:&quot;&quot;,&quot;camera&quot;:&quot;&quot;,&quot;caption&quot;:&quot;&quot;,&quot;created_timestamp&quot;:&quot;0&quot;,&quot;copyright&quot;:&quot;&quot;,&quot;focal_length&quot;:&quot;0&quot;,&quot;iso&quot;:&quot;0&quot;,&quot;shutter_speed&quot;:&quot;0&quot;,&quot;title&quot;:&quot;&quot;,&quot;orientation&quot;:&quot;0&quot;}\" data-image-title=\"Dioramas &amp;#8211; cuadros 15&amp;#215;20 cm &amp;#8211; 2025 (4)\" data-image-description=\"\" data-image-caption=\"\" data-large-file=\"https:\/\/gustavogoni.com\/arte\/wp-content\/uploads\/2025\/09\/Dioramas-cuadros-15x20-cm-2025-4-1024x682.jpg\" class=\"wp-block-themeisle-blocks-slider-item\" src=\"https:\/\/gustavogoni.com\/arte\/wp-content\/uploads\/2025\/09\/Dioramas-cuadros-15x20-cm-2025-4.jpg\" alt=\"\" title=\"\" data-id=\"1418\"\/><\/figure><\/div><div class=\"wp-block-themeisle-blocks-slider-item-wrapper glide__slide\" tabindex=\"0\"><figure><img decoding=\"async\" data-attachment-id=\"1414\" data-permalink=\"https:\/\/gustavogoni.com\/arte\/obra\/ensamblado\/cajas-luminicas\/dioramas-cuadros-15x20-cm-2025-5\/\" data-orig-file=\"https:\/\/gustavogoni.com\/arte\/wp-content\/uploads\/2025\/09\/Dioramas-cuadros-15x20-cm-2025-5.jpg\" data-orig-size=\"1240,826\" data-comments-opened=\"1\" data-image-meta=\"{&quot;aperture&quot;:&quot;0&quot;,&quot;credit&quot;:&quot;&quot;,&quot;camera&quot;:&quot;&quot;,&quot;caption&quot;:&quot;&quot;,&quot;created_timestamp&quot;:&quot;0&quot;,&quot;copyright&quot;:&quot;&quot;,&quot;focal_length&quot;:&quot;0&quot;,&quot;iso&quot;:&quot;0&quot;,&quot;shutter_speed&quot;:&quot;0&quot;,&quot;title&quot;:&quot;&quot;,&quot;orientation&quot;:&quot;0&quot;}\" data-image-title=\"Dioramas &amp;#8211; cuadros 15&amp;#215;20 cm &amp;#8211; 2025 (5)\" data-image-description=\"\" data-image-caption=\"\" data-large-file=\"https:\/\/gustavogoni.com\/arte\/wp-content\/uploads\/2025\/09\/Dioramas-cuadros-15x20-cm-2025-5-1024x682.jpg\" class=\"wp-block-themeisle-blocks-slider-item\" src=\"https:\/\/gustavogoni.com\/arte\/wp-content\/uploads\/2025\/09\/Dioramas-cuadros-15x20-cm-2025-5.jpg\" alt=\"\" title=\"\" data-id=\"1414\"\/><\/figure><\/div><div class=\"wp-block-themeisle-blocks-slider-item-wrapper glide__slide\" tabindex=\"0\"><figure><img decoding=\"async\" data-attachment-id=\"1417\" data-permalink=\"https:\/\/gustavogoni.com\/arte\/obra\/ensamblado\/cajas-luminicas\/dioramas-cuadros-15x20-cm-2025-6\/\" data-orig-file=\"https:\/\/gustavogoni.com\/arte\/wp-content\/uploads\/2025\/09\/Dioramas-cuadros-15x20-cm-2025-6.jpg\" data-orig-size=\"1240,826\" data-comments-opened=\"1\" data-image-meta=\"{&quot;aperture&quot;:&quot;0&quot;,&quot;credit&quot;:&quot;&quot;,&quot;camera&quot;:&quot;&quot;,&quot;caption&quot;:&quot;&quot;,&quot;created_timestamp&quot;:&quot;0&quot;,&quot;copyright&quot;:&quot;&quot;,&quot;focal_length&quot;:&quot;0&quot;,&quot;iso&quot;:&quot;0&quot;,&quot;shutter_speed&quot;:&quot;0&quot;,&quot;title&quot;:&quot;&quot;,&quot;orientation&quot;:&quot;0&quot;}\" data-image-title=\"Dioramas &amp;#8211; cuadros 15&amp;#215;20 cm &amp;#8211; 2025 (6)\" data-image-description=\"\" data-image-caption=\"\" data-large-file=\"https:\/\/gustavogoni.com\/arte\/wp-content\/uploads\/2025\/09\/Dioramas-cuadros-15x20-cm-2025-6-1024x682.jpg\" class=\"wp-block-themeisle-blocks-slider-item\" src=\"https:\/\/gustavogoni.com\/arte\/wp-content\/uploads\/2025\/09\/Dioramas-cuadros-15x20-cm-2025-6.jpg\" alt=\"\" title=\"\" data-id=\"1417\"\/><\/figure><\/div><div class=\"wp-block-themeisle-blocks-slider-item-wrapper glide__slide\" tabindex=\"0\"><figure><img decoding=\"async\" data-attachment-id=\"1415\" data-permalink=\"https:\/\/gustavogoni.com\/arte\/obra\/ensamblado\/cajas-luminicas\/dioramas-cuadros-15x20-cm-2025-7\/\" data-orig-file=\"https:\/\/gustavogoni.com\/arte\/wp-content\/uploads\/2025\/09\/Dioramas-cuadros-15x20-cm-2025-7.jpg\" data-orig-size=\"1240,826\" data-comments-opened=\"1\" data-image-meta=\"{&quot;aperture&quot;:&quot;0&quot;,&quot;credit&quot;:&quot;&quot;,&quot;camera&quot;:&quot;&quot;,&quot;caption&quot;:&quot;&quot;,&quot;created_timestamp&quot;:&quot;0&quot;,&quot;copyright&quot;:&quot;&quot;,&quot;focal_length&quot;:&quot;0&quot;,&quot;iso&quot;:&quot;0&quot;,&quot;shutter_speed&quot;:&quot;0&quot;,&quot;title&quot;:&quot;&quot;,&quot;orientation&quot;:&quot;0&quot;}\" data-image-title=\"Dioramas &amp;#8211; cuadros 15&amp;#215;20 cm &amp;#8211; 2025 (7)\" data-image-description=\"\" data-image-caption=\"\" data-large-file=\"https:\/\/gustavogoni.com\/arte\/wp-content\/uploads\/2025\/09\/Dioramas-cuadros-15x20-cm-2025-7-1024x682.jpg\" class=\"wp-block-themeisle-blocks-slider-item\" src=\"https:\/\/gustavogoni.com\/arte\/wp-content\/uploads\/2025\/09\/Dioramas-cuadros-15x20-cm-2025-7.jpg\" alt=\"\" title=\"\" data-id=\"1415\"\/><\/figure><\/div><div class=\"wp-block-themeisle-blocks-slider-item-wrapper glide__slide\" tabindex=\"0\"><figure><img decoding=\"async\" data-attachment-id=\"1411\" data-permalink=\"https:\/\/gustavogoni.com\/arte\/obra\/ensamblado\/cajas-luminicas\/dioramas-cuadros-15x20-cm-2025-8\/\" data-orig-file=\"https:\/\/gustavogoni.com\/arte\/wp-content\/uploads\/2025\/09\/Dioramas-cuadros-15x20-cm-2025-8.jpg\" data-orig-size=\"1240,826\" data-comments-opened=\"1\" data-image-meta=\"{&quot;aperture&quot;:&quot;0&quot;,&quot;credit&quot;:&quot;&quot;,&quot;camera&quot;:&quot;&quot;,&quot;caption&quot;:&quot;&quot;,&quot;created_timestamp&quot;:&quot;0&quot;,&quot;copyright&quot;:&quot;&quot;,&quot;focal_length&quot;:&quot;0&quot;,&quot;iso&quot;:&quot;0&quot;,&quot;shutter_speed&quot;:&quot;0&quot;,&quot;title&quot;:&quot;&quot;,&quot;orientation&quot;:&quot;0&quot;}\" data-image-title=\"Dioramas &amp;#8211; cuadros 15&amp;#215;20 cm &amp;#8211; 2025 (8)\" data-image-description=\"\" data-image-caption=\"\" data-large-file=\"https:\/\/gustavogoni.com\/arte\/wp-content\/uploads\/2025\/09\/Dioramas-cuadros-15x20-cm-2025-8-1024x682.jpg\" class=\"wp-block-themeisle-blocks-slider-item\" src=\"https:\/\/gustavogoni.com\/arte\/wp-content\/uploads\/2025\/09\/Dioramas-cuadros-15x20-cm-2025-8.jpg\" alt=\"\" title=\"\" data-id=\"1411\"\/><\/figure><\/div><div class=\"wp-block-themeisle-blocks-slider-item-wrapper glide__slide\" tabindex=\"0\"><figure><img decoding=\"async\" data-attachment-id=\"1413\" data-permalink=\"https:\/\/gustavogoni.com\/arte\/obra\/ensamblado\/cajas-luminicas\/dioramas-cuadros-15x20-cm-2025-9\/\" data-orig-file=\"https:\/\/gustavogoni.com\/arte\/wp-content\/uploads\/2025\/09\/Dioramas-cuadros-15x20-cm-2025-9.jpg\" data-orig-size=\"1240,826\" data-comments-opened=\"1\" data-image-meta=\"{&quot;aperture&quot;:&quot;0&quot;,&quot;credit&quot;:&quot;&quot;,&quot;camera&quot;:&quot;&quot;,&quot;caption&quot;:&quot;&quot;,&quot;created_timestamp&quot;:&quot;0&quot;,&quot;copyright&quot;:&quot;&quot;,&quot;focal_length&quot;:&quot;0&quot;,&quot;iso&quot;:&quot;0&quot;,&quot;shutter_speed&quot;:&quot;0&quot;,&quot;title&quot;:&quot;&quot;,&quot;orientation&quot;:&quot;0&quot;}\" data-image-title=\"Dioramas &amp;#8211; cuadros 15&amp;#215;20 cm &amp;#8211; 2025 (9)\" data-image-description=\"\" data-image-caption=\"\" data-large-file=\"https:\/\/gustavogoni.com\/arte\/wp-content\/uploads\/2025\/09\/Dioramas-cuadros-15x20-cm-2025-9-1024x682.jpg\" class=\"wp-block-themeisle-blocks-slider-item\" src=\"https:\/\/gustavogoni.com\/arte\/wp-content\/uploads\/2025\/09\/Dioramas-cuadros-15x20-cm-2025-9.jpg\" alt=\"\" title=\"\" data-id=\"1413\"\/><\/figure><\/div><div class=\"wp-block-themeisle-blocks-slider-item-wrapper glide__slide\" tabindex=\"0\"><figure><img decoding=\"async\" data-attachment-id=\"1410\" data-permalink=\"https:\/\/gustavogoni.com\/arte\/obra\/ensamblado\/cajas-luminicas\/dioramas-cuadros-15x20-cm-2025-10\/\" data-orig-file=\"https:\/\/gustavogoni.com\/arte\/wp-content\/uploads\/2025\/09\/Dioramas-cuadros-15x20-cm-2025-10.jpg\" data-orig-size=\"1240,826\" data-comments-opened=\"1\" data-image-meta=\"{&quot;aperture&quot;:&quot;0&quot;,&quot;credit&quot;:&quot;&quot;,&quot;camera&quot;:&quot;&quot;,&quot;caption&quot;:&quot;&quot;,&quot;created_timestamp&quot;:&quot;0&quot;,&quot;copyright&quot;:&quot;&quot;,&quot;focal_length&quot;:&quot;0&quot;,&quot;iso&quot;:&quot;0&quot;,&quot;shutter_speed&quot;:&quot;0&quot;,&quot;title&quot;:&quot;&quot;,&quot;orientation&quot;:&quot;0&quot;}\" data-image-title=\"Dioramas &amp;#8211; cuadros 15&amp;#215;20 cm &amp;#8211; 2025 (10)\" data-image-description=\"\" data-image-caption=\"\" data-large-file=\"https:\/\/gustavogoni.com\/arte\/wp-content\/uploads\/2025\/09\/Dioramas-cuadros-15x20-cm-2025-10-1024x682.jpg\" class=\"wp-block-themeisle-blocks-slider-item\" src=\"https:\/\/gustavogoni.com\/arte\/wp-content\/uploads\/2025\/09\/Dioramas-cuadros-15x20-cm-2025-10.jpg\" alt=\"\" title=\"\" data-id=\"1410\"\/><\/figure><\/div><\/div><div class=\"glide__bullets\" data-glide-el=\"controls[nav]\"><button class=\"glide__bullet\" data-glide-dir=\"=0\"><\/button><button class=\"glide__bullet\" data-glide-dir=\"=1\"><\/button><button class=\"glide__bullet\" data-glide-dir=\"=2\"><\/button><button class=\"glide__bullet\" data-glide-dir=\"=3\"><\/button><button class=\"glide__bullet\" data-glide-dir=\"=4\"><\/button><button class=\"glide__bullet\" data-glide-dir=\"=5\"><\/button><button class=\"glide__bullet\" data-glide-dir=\"=6\"><\/button><button class=\"glide__bullet\" data-glide-dir=\"=7\"><\/button><button class=\"glide__bullet\" data-glide-dir=\"=8\"><\/button><button class=\"glide__bullet\" data-glide-dir=\"=9\"><\/button><\/div><\/div><\/div>\n\n\n\n<hr class=\"wp-block-separator has-alpha-channel-opacity\"\/>\n\n\n\n<div id=\"wp-block-themeisle-blocks-slider-bc24aca6\" class=\"wp-block-themeisle-blocks-slider glide\" data-per-view=\"1\" data-gap=\"0\" data-peek=\"0\" data-autoplay=\"true\" data-height=\"600px\" data-hide-arrows=\"false\"><div class=\"glide__track\" data-glide-el=\"track\"><div class=\"glide__slides\"><div class=\"wp-block-themeisle-blocks-slider-item-wrapper glide__slide\" tabindex=\"0\"><figure><img decoding=\"async\" data-attachment-id=\"1419\" data-permalink=\"https:\/\/gustavogoni.com\/arte\/obra\/ensamblado\/cajas-luminicas\/dialogo-de-patos\/\" data-orig-file=\"https:\/\/gustavogoni.com\/arte\/wp-content\/uploads\/2025\/09\/DIALOGO-DE-PATOS-.jpg\" data-orig-size=\"1240,826\" data-comments-opened=\"1\" data-image-meta=\"{&quot;aperture&quot;:&quot;0&quot;,&quot;credit&quot;:&quot;&quot;,&quot;camera&quot;:&quot;&quot;,&quot;caption&quot;:&quot;&quot;,&quot;created_timestamp&quot;:&quot;0&quot;,&quot;copyright&quot;:&quot;&quot;,&quot;focal_length&quot;:&quot;0&quot;,&quot;iso&quot;:&quot;0&quot;,&quot;shutter_speed&quot;:&quot;0&quot;,&quot;title&quot;:&quot;&quot;,&quot;orientation&quot;:&quot;0&quot;}\" data-image-title=\"DIALOGO DE PATOS\" data-image-description=\"\" data-image-caption=\"\" data-large-file=\"https:\/\/gustavogoni.com\/arte\/wp-content\/uploads\/2025\/09\/DIALOGO-DE-PATOS--1024x682.jpg\" class=\"wp-block-themeisle-blocks-slider-item\" src=\"https:\/\/gustavogoni.com\/arte\/wp-content\/uploads\/2025\/09\/DIALOGO-DE-PATOS-.jpg\" alt=\"\" title=\"\" data-id=\"1419\"\/><\/figure><\/div><div class=\"wp-block-themeisle-blocks-slider-item-wrapper glide__slide\" tabindex=\"0\"><figure><img decoding=\"async\" data-attachment-id=\"1420\" data-permalink=\"https:\/\/gustavogoni.com\/arte\/obra\/ensamblado\/cajas-luminicas\/gallito-enmarecado-10x15-2025\/\" data-orig-file=\"https:\/\/gustavogoni.com\/arte\/wp-content\/uploads\/2025\/09\/GALLITO-enmarecado-10X15-2025.jpg\" data-orig-size=\"1240,825\" data-comments-opened=\"1\" data-image-meta=\"{&quot;aperture&quot;:&quot;0&quot;,&quot;credit&quot;:&quot;&quot;,&quot;camera&quot;:&quot;&quot;,&quot;caption&quot;:&quot;&quot;,&quot;created_timestamp&quot;:&quot;0&quot;,&quot;copyright&quot;:&quot;&quot;,&quot;focal_length&quot;:&quot;0&quot;,&quot;iso&quot;:&quot;0&quot;,&quot;shutter_speed&quot;:&quot;0&quot;,&quot;title&quot;:&quot;&quot;,&quot;orientation&quot;:&quot;0&quot;}\" data-image-title=\"GALLITO enmarecado 10X15 2025\" data-image-description=\"\" data-image-caption=\"\" data-large-file=\"https:\/\/gustavogoni.com\/arte\/wp-content\/uploads\/2025\/09\/GALLITO-enmarecado-10X15-2025-1024x681.jpg\" class=\"wp-block-themeisle-blocks-slider-item\" src=\"https:\/\/gustavogoni.com\/arte\/wp-content\/uploads\/2025\/09\/GALLITO-enmarecado-10X15-2025.jpg\" alt=\"\" title=\"\" data-id=\"1420\"\/><\/figure><\/div><div class=\"wp-block-themeisle-blocks-slider-item-wrapper glide__slide\" tabindex=\"0\"><figure><img decoding=\"async\" data-attachment-id=\"1422\" data-permalink=\"https:\/\/gustavogoni.com\/arte\/obra\/ensamblado\/cajas-luminicas\/paloma-10x15-2025\/\" data-orig-file=\"https:\/\/gustavogoni.com\/arte\/wp-content\/uploads\/2025\/09\/PALOMA-10x15-2025.jpg\" data-orig-size=\"1240,826\" data-comments-opened=\"1\" data-image-meta=\"{&quot;aperture&quot;:&quot;0&quot;,&quot;credit&quot;:&quot;&quot;,&quot;camera&quot;:&quot;&quot;,&quot;caption&quot;:&quot;&quot;,&quot;created_timestamp&quot;:&quot;0&quot;,&quot;copyright&quot;:&quot;&quot;,&quot;focal_length&quot;:&quot;0&quot;,&quot;iso&quot;:&quot;0&quot;,&quot;shutter_speed&quot;:&quot;0&quot;,&quot;title&quot;:&quot;&quot;,&quot;orientation&quot;:&quot;0&quot;}\" data-image-title=\"PALOMA 10&amp;#215;15 2025\" data-image-description=\"\" data-image-caption=\"\" data-large-file=\"https:\/\/gustavogoni.com\/arte\/wp-content\/uploads\/2025\/09\/PALOMA-10x15-2025-1024x682.jpg\" class=\"wp-block-themeisle-blocks-slider-item\" src=\"https:\/\/gustavogoni.com\/arte\/wp-content\/uploads\/2025\/09\/PALOMA-10x15-2025.jpg\" alt=\"\" title=\"\" data-id=\"1422\"\/><\/figure><\/div><div class=\"wp-block-themeisle-blocks-slider-item-wrapper glide__slide\" tabindex=\"0\"><figure><img decoding=\"async\" data-attachment-id=\"1421\" data-permalink=\"https:\/\/gustavogoni.com\/arte\/obra\/ensamblado\/cajas-luminicas\/pavo-10x15-2025\/\" data-orig-file=\"https:\/\/gustavogoni.com\/arte\/wp-content\/uploads\/2025\/09\/Pavo-10x15-2025.jpg\" data-orig-size=\"1240,826\" data-comments-opened=\"1\" data-image-meta=\"{&quot;aperture&quot;:&quot;0&quot;,&quot;credit&quot;:&quot;&quot;,&quot;camera&quot;:&quot;&quot;,&quot;caption&quot;:&quot;&quot;,&quot;created_timestamp&quot;:&quot;0&quot;,&quot;copyright&quot;:&quot;&quot;,&quot;focal_length&quot;:&quot;0&quot;,&quot;iso&quot;:&quot;0&quot;,&quot;shutter_speed&quot;:&quot;0&quot;,&quot;title&quot;:&quot;&quot;,&quot;orientation&quot;:&quot;0&quot;}\" data-image-title=\"Pavo 10&amp;#215;15 2025\" data-image-description=\"\" data-image-caption=\"\" data-large-file=\"https:\/\/gustavogoni.com\/arte\/wp-content\/uploads\/2025\/09\/Pavo-10x15-2025-1024x682.jpg\" class=\"wp-block-themeisle-blocks-slider-item\" src=\"https:\/\/gustavogoni.com\/arte\/wp-content\/uploads\/2025\/09\/Pavo-10x15-2025.jpg\" alt=\"\" title=\"\" data-id=\"1421\"\/><\/figure><\/div><div class=\"wp-block-themeisle-blocks-slider-item-wrapper glide__slide\" tabindex=\"0\"><figure><img decoding=\"async\" data-attachment-id=\"1423\" data-permalink=\"https:\/\/gustavogoni.com\/arte\/obra\/ensamblado\/cajas-luminicas\/tarzan-enmarcado-10x15-2025\/\" data-orig-file=\"https:\/\/gustavogoni.com\/arte\/wp-content\/uploads\/2025\/09\/TARZAN-enmarcado-10x15-2025.jpg\" data-orig-size=\"1240,826\" data-comments-opened=\"1\" data-image-meta=\"{&quot;aperture&quot;:&quot;0&quot;,&quot;credit&quot;:&quot;&quot;,&quot;camera&quot;:&quot;&quot;,&quot;caption&quot;:&quot;&quot;,&quot;created_timestamp&quot;:&quot;0&quot;,&quot;copyright&quot;:&quot;&quot;,&quot;focal_length&quot;:&quot;0&quot;,&quot;iso&quot;:&quot;0&quot;,&quot;shutter_speed&quot;:&quot;0&quot;,&quot;title&quot;:&quot;&quot;,&quot;orientation&quot;:&quot;0&quot;}\" data-image-title=\"TARZAN enmarcado 10&amp;#215;15 2025\" data-image-description=\"\" data-image-caption=\"\" data-large-file=\"https:\/\/gustavogoni.com\/arte\/wp-content\/uploads\/2025\/09\/TARZAN-enmarcado-10x15-2025-1024x682.jpg\" class=\"wp-block-themeisle-blocks-slider-item\" src=\"https:\/\/gustavogoni.com\/arte\/wp-content\/uploads\/2025\/09\/TARZAN-enmarcado-10x15-2025.jpg\" alt=\"\" title=\"\" data-id=\"1423\"\/><\/figure><\/div><\/div><div class=\"glide__bullets\" data-glide-el=\"controls[nav]\"><button class=\"glide__bullet\" data-glide-dir=\"=0\"><\/button><button class=\"glide__bullet\" data-glide-dir=\"=1\"><\/button><button class=\"glide__bullet\" data-glide-dir=\"=2\"><\/button><button class=\"glide__bullet\" data-glide-dir=\"=3\"><\/button><button class=\"glide__bullet\" data-glide-dir=\"=4\"><\/button><\/div><\/div><\/div>\n\n\n\n<p><\/p>\n\n\n\n<p><strong><a href=\"https:\/\/gustavogoni.com\/arte\/obra\/ensamblado\/\" data-type=\"page\" data-id=\"260\">Volver a Ensamblado<\/a><\/strong><\/p>\n\n\n\n<p><strong><a href=\"https:\/\/gustavogoni.com\/arte\/muestras\/muestra-dioramas-relatos\/\" data-type=\"page\" data-id=\"1345\">Ir a la Muestra Dioramas \/ Relatos<\/a><\/strong><\/p>\n\n\n\n<p><\/p>\n","protected":false},"excerpt":{"rendered":"<p>Introducci\u00f3n Ni\u00f1o de piedra T\u00e9cnica: ensamblado de objetos, cer\u00e1mica, piedra y fotograf\u00eda. Caja de madera con lente de aumento, iluminada. Fecha de realizaci\u00f3n: 2021 Medidas aprox.: 30 x 20 cm + 20 x 20 cm El huevo o la gallina T\u00e9cnica: ensamblado de objeto de porcelana, piedra y semillas. Caja de madera con lente de&hellip;&nbsp;<a href=\"https:\/\/gustavogoni.com\/arte\/obra\/ensamblado\/cajas-luminicas\/\" rel=\"bookmark\">Leer m\u00e1s &raquo;<span class=\"screen-reader-text\">Dioramas<\/span><\/a><\/p>\n","protected":false},"author":2,"featured_media":0,"parent":260,"menu_order":0,"comment_status":"closed","ping_status":"closed","template":"","meta":{"neve_meta_sidebar":"","neve_meta_container":"","neve_meta_enable_content_width":"","neve_meta_content_width":0,"neve_meta_title_alignment":"","neve_meta_author_avatar":"","neve_post_elements_order":"","neve_meta_disable_header":"","neve_meta_disable_footer":"","neve_meta_disable_title":"","advanced_seo_description":"","jetpack_seo_html_title":"","jetpack_seo_noindex":false,"_themeisle_gutenberg_block_has_review":false,"footnotes":""},"class_list":["post-638","page","type-page","status-publish","hentry"],"jetpack_sharing_enabled":true,"jetpack_likes_enabled":true,"_links":{"self":[{"href":"https:\/\/gustavogoni.com\/arte\/wp-json\/wp\/v2\/pages\/638","targetHints":{"allow":["GET"]}}],"collection":[{"href":"https:\/\/gustavogoni.com\/arte\/wp-json\/wp\/v2\/pages"}],"about":[{"href":"https:\/\/gustavogoni.com\/arte\/wp-json\/wp\/v2\/types\/page"}],"author":[{"embeddable":true,"href":"https:\/\/gustavogoni.com\/arte\/wp-json\/wp\/v2\/users\/2"}],"replies":[{"embeddable":true,"href":"https:\/\/gustavogoni.com\/arte\/wp-json\/wp\/v2\/comments?post=638"}],"version-history":[{"count":22,"href":"https:\/\/gustavogoni.com\/arte\/wp-json\/wp\/v2\/pages\/638\/revisions"}],"predecessor-version":[{"id":1454,"href":"https:\/\/gustavogoni.com\/arte\/wp-json\/wp\/v2\/pages\/638\/revisions\/1454"}],"up":[{"embeddable":true,"href":"https:\/\/gustavogoni.com\/arte\/wp-json\/wp\/v2\/pages\/260"}],"wp:attachment":[{"href":"https:\/\/gustavogoni.com\/arte\/wp-json\/wp\/v2\/media?parent=638"}],"curies":[{"name":"wp","href":"https:\/\/api.w.org\/{rel}","templated":true}]}}