{"id":260,"date":"2022-07-16T16:36:57","date_gmt":"2022-07-16T19:36:57","guid":{"rendered":"https:\/\/gustavogoni.com\/arte\/?page_id=260"},"modified":"2023-03-02T15:49:41","modified_gmt":"2023-03-02T18:49:41","slug":"ensamblado","status":"publish","type":"page","link":"https:\/\/gustavogoni.com\/arte\/obra\/ensamblado\/","title":{"rendered":"Ensamblado"},"content":{"rendered":"\n<div id=\"wp-block-themeisle-blocks-advanced-columns-211ea13a\" class=\"wp-block-themeisle-blocks-advanced-columns has-0-columns has-desktop-undefined-layout has-tablet-equal-layout has-mobile-equal-layout has-vertical-unset\"><div class=\"wp-block-themeisle-blocks-advanced-columns-overlay\"><\/div><div class=\"innerblocks-wrap\"><\/div><\/div>\n\n\n\n<p class=\"has-large-font-size\"><strong>\u201cLas piedades\u201d<br><\/strong><\/p>\n\n\n\n<p>Ensamblado<br>T\u00e9cnica: fotograf\u00eda anal\u00f3gica y vidrio<br>Medidas: 58 x 50 x 8 cm<br>A\u00f1o de realizaci\u00f3n: 1997-2022<br>Propietario: Colecci\u00f3n Ayala-\u00c1lvarez<\/p>\n\n\n\n<p><\/p>\n\n\n\n<figure class=\"wp-block-gallery has-nested-images columns-default is-cropped wp-block-gallery-1 is-layout-flex wp-block-gallery-is-layout-flex\">\n<figure class=\"wp-block-image size-large\"><a href=\"https:\/\/gustavogoni.com\/arte\/wp-content\/uploads\/2022\/08\/04-2022-Las-Piedades-01.jpg\"><img loading=\"lazy\" decoding=\"async\" width=\"1080\" height=\"1080\" data-attachment-id=\"553\" data-permalink=\"https:\/\/gustavogoni.com\/arte\/obra\/ensamblado\/04-2022-las-piedades-01\/\" data-orig-file=\"https:\/\/gustavogoni.com\/arte\/wp-content\/uploads\/2022\/08\/04-2022-Las-Piedades-01.jpg\" data-orig-size=\"1080,1080\" data-comments-opened=\"1\" data-image-meta=\"{&quot;aperture&quot;:&quot;5.6&quot;,&quot;credit&quot;:&quot;&quot;,&quot;camera&quot;:&quot;Canon EOS 5D Mark IV&quot;,&quot;caption&quot;:&quot;&quot;,&quot;created_timestamp&quot;:&quot;1657904546&quot;,&quot;copyright&quot;:&quot;&quot;,&quot;focal_length&quot;:&quot;70&quot;,&quot;iso&quot;:&quot;100&quot;,&quot;shutter_speed&quot;:&quot;0.005&quot;,&quot;title&quot;:&quot;&quot;,&quot;orientation&quot;:&quot;1&quot;}\" data-image-title=\"04-2022-Las Piedades-01\" data-image-description=\"\" data-image-caption=\"\" data-large-file=\"https:\/\/gustavogoni.com\/arte\/wp-content\/uploads\/2022\/08\/04-2022-Las-Piedades-01-1024x1024.jpg\" data-id=\"553\" src=\"https:\/\/gustavogoni.com\/arte\/wp-content\/uploads\/2022\/08\/04-2022-Las-Piedades-01.jpg\" alt=\"\" class=\"wp-image-553\" srcset=\"https:\/\/gustavogoni.com\/arte\/wp-content\/uploads\/2022\/08\/04-2022-Las-Piedades-01.jpg 1080w, https:\/\/gustavogoni.com\/arte\/wp-content\/uploads\/2022\/08\/04-2022-Las-Piedades-01-300x300.jpg 300w, https:\/\/gustavogoni.com\/arte\/wp-content\/uploads\/2022\/08\/04-2022-Las-Piedades-01-1024x1024.jpg 1024w, https:\/\/gustavogoni.com\/arte\/wp-content\/uploads\/2022\/08\/04-2022-Las-Piedades-01-150x150.jpg 150w, https:\/\/gustavogoni.com\/arte\/wp-content\/uploads\/2022\/08\/04-2022-Las-Piedades-01-768x768.jpg 768w\" sizes=\"auto, (max-width: 1080px) 100vw, 1080px\" \/><\/a><\/figure>\n\n\n\n<figure class=\"wp-block-image size-large\"><a href=\"https:\/\/gustavogoni.com\/arte\/wp-content\/uploads\/2022\/08\/04-2022-Las-Piedades-02.jpg\"><img loading=\"lazy\" decoding=\"async\" width=\"1080\" height=\"1080\" data-attachment-id=\"554\" data-permalink=\"https:\/\/gustavogoni.com\/arte\/obra\/ensamblado\/04-2022-las-piedades-02\/\" data-orig-file=\"https:\/\/gustavogoni.com\/arte\/wp-content\/uploads\/2022\/08\/04-2022-Las-Piedades-02.jpg\" data-orig-size=\"1080,1080\" data-comments-opened=\"1\" data-image-meta=\"{&quot;aperture&quot;:&quot;5.6&quot;,&quot;credit&quot;:&quot;&quot;,&quot;camera&quot;:&quot;Canon EOS 5D Mark IV&quot;,&quot;caption&quot;:&quot;&quot;,&quot;created_timestamp&quot;:&quot;1657904177&quot;,&quot;copyright&quot;:&quot;&quot;,&quot;focal_length&quot;:&quot;70&quot;,&quot;iso&quot;:&quot;100&quot;,&quot;shutter_speed&quot;:&quot;0.005&quot;,&quot;title&quot;:&quot;&quot;,&quot;orientation&quot;:&quot;1&quot;}\" data-image-title=\"04-2022-Las Piedades-02\" data-image-description=\"\" data-image-caption=\"\" data-large-file=\"https:\/\/gustavogoni.com\/arte\/wp-content\/uploads\/2022\/08\/04-2022-Las-Piedades-02-1024x1024.jpg\" data-id=\"554\" src=\"https:\/\/gustavogoni.com\/arte\/wp-content\/uploads\/2022\/08\/04-2022-Las-Piedades-02.jpg\" alt=\"\" class=\"wp-image-554\" srcset=\"https:\/\/gustavogoni.com\/arte\/wp-content\/uploads\/2022\/08\/04-2022-Las-Piedades-02.jpg 1080w, https:\/\/gustavogoni.com\/arte\/wp-content\/uploads\/2022\/08\/04-2022-Las-Piedades-02-300x300.jpg 300w, https:\/\/gustavogoni.com\/arte\/wp-content\/uploads\/2022\/08\/04-2022-Las-Piedades-02-1024x1024.jpg 1024w, https:\/\/gustavogoni.com\/arte\/wp-content\/uploads\/2022\/08\/04-2022-Las-Piedades-02-150x150.jpg 150w, https:\/\/gustavogoni.com\/arte\/wp-content\/uploads\/2022\/08\/04-2022-Las-Piedades-02-768x768.jpg 768w\" sizes=\"auto, (max-width: 1080px) 100vw, 1080px\" \/><\/a><\/figure>\n<\/figure>\n\n\n\n<hr class=\"wp-block-separator has-alpha-channel-opacity\"\/>\n\n\n\n<div class=\"wp-block-media-text alignwide has-media-on-the-right is-stacked-on-mobile\" style=\"grid-template-columns:auto 29%\"><div class=\"wp-block-media-text__content\">\n<p>La obra fue creada en 1997 y el ensamblado es de 2022.<\/p>\n\n\n\n<p>El montaje resuelve ensamblar dos im\u00e1genes de la misma serie para crear una nueva imagen que las unifica.<\/p>\n\n\n\n<p>La idea inicial fue reproducir y teatralizar el clima de la obra \u00a8La Piedad\u00a8 de Miguel \u00c1ngel para un estudio sobre el manierismo.<\/p>\n\n\n\n<p>Durante la sesi\u00f3n, una foto de backstage muestra la otra cara de la producci\u00f3n.<\/p>\n\n\n\n<p>Me pareci\u00f3 interesante combinar ambas situaciones: dolor y humor.<\/p>\n<\/div><figure class=\"wp-block-media-text__media\"><video controls src=\"https:\/\/gustavogoni.com\/arte\/wp-content\/uploads\/2022\/08\/Video-Las-Piedades.mp4\"><\/video><\/figure><\/div>\n\n\n\n<hr class=\"wp-block-separator has-alpha-channel-opacity\"\/>\n\n\n\n<h2 class=\"wp-block-heading\">CAJAS LUM\u00cdNICAS<\/h2>\n\n\n\n<p><a href=\"https:\/\/gustavogoni.com\/arte\/obra\/ensamblado\/cajas-luminicas\/\" data-type=\"page\" data-id=\"638\">Ver aqu\u00ed la serie<\/a><\/p>\n\n\n<div class=\"wp-block-image\">\n<figure class=\"aligncenter size-large\"><a href=\"https:\/\/gustavogoni.com\/arte\/obra\/ensamblado\/cajas-luminicas\/\"><img loading=\"lazy\" decoding=\"async\" width=\"1024\" height=\"683\" data-attachment-id=\"639\" data-permalink=\"https:\/\/gustavogoni.com\/arte\/04-2022-nino-de-piedra-2-perfil\/\" data-orig-file=\"https:\/\/gustavogoni.com\/arte\/wp-content\/uploads\/2022\/08\/04-2022-Nino-de-piedra-2-perfil.jpg\" data-orig-size=\"1080,720\" data-comments-opened=\"1\" data-image-meta=\"{&quot;aperture&quot;:&quot;22&quot;,&quot;credit&quot;:&quot;&quot;,&quot;camera&quot;:&quot;Canon EOS 5D Mark III&quot;,&quot;caption&quot;:&quot;&quot;,&quot;created_timestamp&quot;:&quot;1658775281&quot;,&quot;copyright&quot;:&quot;&quot;,&quot;focal_length&quot;:&quot;50&quot;,&quot;iso&quot;:&quot;400&quot;,&quot;shutter_speed&quot;:&quot;0.4&quot;,&quot;title&quot;:&quot;&quot;,&quot;orientation&quot;:&quot;1&quot;}\" data-image-title=\"04-2022-Ni\u00f1o de piedra &amp;#8211; 2 perfil\" data-image-description=\"\" data-image-caption=\"\" data-large-file=\"https:\/\/gustavogoni.com\/arte\/wp-content\/uploads\/2022\/08\/04-2022-Nino-de-piedra-2-perfil-1024x683.jpg\" src=\"https:\/\/gustavogoni.com\/arte\/wp-content\/uploads\/2022\/08\/04-2022-Nino-de-piedra-2-perfil-1024x683.jpg\" alt=\"\" class=\"wp-image-639\" srcset=\"https:\/\/gustavogoni.com\/arte\/wp-content\/uploads\/2022\/08\/04-2022-Nino-de-piedra-2-perfil-1024x683.jpg 1024w, https:\/\/gustavogoni.com\/arte\/wp-content\/uploads\/2022\/08\/04-2022-Nino-de-piedra-2-perfil-300x200.jpg 300w, https:\/\/gustavogoni.com\/arte\/wp-content\/uploads\/2022\/08\/04-2022-Nino-de-piedra-2-perfil-768x512.jpg 768w, https:\/\/gustavogoni.com\/arte\/wp-content\/uploads\/2022\/08\/04-2022-Nino-de-piedra-2-perfil-930x620.jpg 930w, https:\/\/gustavogoni.com\/arte\/wp-content\/uploads\/2022\/08\/04-2022-Nino-de-piedra-2-perfil.jpg 1080w\" sizes=\"auto, (max-width: 1024px) 100vw, 1024px\" \/><\/a><\/figure>\n<\/div>\n\n\n<hr class=\"wp-block-separator has-alpha-channel-opacity\"\/>\n\n\n\n<p class=\"has-large-font-size\">\u00abBichos de todo tipo\u00bb<\/p>\n\n\n\n<p>Caja ontomol\u00f3gica con insectos y fotos anal\u00f3gicas<\/p>\n\n\n\n<p>1997, 30 cm x 45 cm<\/p>\n\n\n<div class=\"wp-block-image\">\n<figure class=\"alignright size-large\"><a href=\"https:\/\/gustavogoni.com\/arte\/wp-content\/uploads\/2023\/03\/04-1997-Bichos-de-todo-tipo.jpg\"><img loading=\"lazy\" decoding=\"async\" width=\"722\" height=\"1024\" data-attachment-id=\"822\" data-permalink=\"https:\/\/gustavogoni.com\/arte\/obra\/ensamblado\/04-1997-bichos-de-todo-tipo\/\" data-orig-file=\"https:\/\/gustavogoni.com\/arte\/wp-content\/uploads\/2023\/03\/04-1997-Bichos-de-todo-tipo.jpg\" data-orig-size=\"762,1080\" data-comments-opened=\"1\" data-image-meta=\"{&quot;aperture&quot;:&quot;0&quot;,&quot;credit&quot;:&quot;&quot;,&quot;camera&quot;:&quot;&quot;,&quot;caption&quot;:&quot;&quot;,&quot;created_timestamp&quot;:&quot;0&quot;,&quot;copyright&quot;:&quot;&quot;,&quot;focal_length&quot;:&quot;0&quot;,&quot;iso&quot;:&quot;0&quot;,&quot;shutter_speed&quot;:&quot;0&quot;,&quot;title&quot;:&quot;&quot;,&quot;orientation&quot;:&quot;1&quot;}\" data-image-title=\"04-1997-Bichos-de-todo-tipo\" data-image-description=\"\" data-image-caption=\"\" data-large-file=\"https:\/\/gustavogoni.com\/arte\/wp-content\/uploads\/2023\/03\/04-1997-Bichos-de-todo-tipo-722x1024.jpg\" src=\"https:\/\/gustavogoni.com\/arte\/wp-content\/uploads\/2023\/03\/04-1997-Bichos-de-todo-tipo-722x1024.jpg\" alt=\"\" class=\"wp-image-822\" srcset=\"https:\/\/gustavogoni.com\/arte\/wp-content\/uploads\/2023\/03\/04-1997-Bichos-de-todo-tipo-722x1024.jpg 722w, https:\/\/gustavogoni.com\/arte\/wp-content\/uploads\/2023\/03\/04-1997-Bichos-de-todo-tipo-212x300.jpg 212w, https:\/\/gustavogoni.com\/arte\/wp-content\/uploads\/2023\/03\/04-1997-Bichos-de-todo-tipo.jpg 762w\" sizes=\"auto, (max-width: 722px) 100vw, 722px\" \/><\/a><\/figure>\n<\/div>\n\n\n<p><\/p>\n\n\n\n<p><\/p>\n\n\n\n<p><\/p>\n\n\n\n<p><\/p>\n\n\n\n<p><\/p>\n\n\n\n<p><\/p>\n\n\n\n<p><\/p>\n\n\n\n<p><\/p>\n\n\n\n<p><\/p>\n\n\n\n<p><\/p>\n\n\n\n<p><\/p>\n\n\n\n<p><\/p>\n\n\n\n<p><\/p>\n\n\n\n<p><\/p>\n\n\n\n<p><\/p>\n\n\n\n<p><\/p>\n\n\n\n<p><\/p>\n\n\n\n<p><\/p>\n\n\n\n<p><\/p>\n\n\n\n<p><\/p>\n\n\n\n<hr class=\"wp-block-separator has-alpha-channel-opacity\"\/>\n\n\n\n<p><a href=\"https:\/\/gustavogoni.com\/arte\/\" data-type=\"page\" data-id=\"86\">Volver a Home<\/a><\/p>\n\n\n\n<p><a href=\"https:\/\/gustavogoni.com\/arte\/obra\/\" data-type=\"page\" data-id=\"107\">Volver a Obras<\/a><\/p>\n","protected":false},"excerpt":{"rendered":"<p>\u201cLas piedades\u201d EnsambladoT\u00e9cnica: fotograf\u00eda anal\u00f3gica y vidrioMedidas: 58 x 50 x 8 cmA\u00f1o de realizaci\u00f3n: 1997-2022Propietario: Colecci\u00f3n Ayala-\u00c1lvarez La obra fue creada en 1997 y el ensamblado es de 2022. El montaje resuelve ensamblar dos im\u00e1genes de la misma serie para crear una nueva imagen que las unifica. La idea inicial fue reproducir y teatralizar&hellip;&nbsp;<a href=\"https:\/\/gustavogoni.com\/arte\/obra\/ensamblado\/\" rel=\"bookmark\">Leer m\u00e1s &raquo;<span class=\"screen-reader-text\">Ensamblado<\/span><\/a><\/p>\n","protected":false},"author":2,"featured_media":0,"parent":107,"menu_order":4,"comment_status":"closed","ping_status":"closed","template":"","meta":{"neve_meta_sidebar":"","neve_meta_container":"","neve_meta_enable_content_width":"","neve_meta_content_width":0,"neve_meta_title_alignment":"","neve_meta_author_avatar":"","neve_post_elements_order":"","neve_meta_disable_header":"","neve_meta_disable_footer":"","neve_meta_disable_title":"","advanced_seo_description":"","jetpack_seo_html_title":"","jetpack_seo_noindex":false,"_themeisle_gutenberg_block_has_review":false,"footnotes":""},"class_list":["post-260","page","type-page","status-publish","hentry"],"jetpack_sharing_enabled":true,"jetpack_likes_enabled":true,"_links":{"self":[{"href":"https:\/\/gustavogoni.com\/arte\/wp-json\/wp\/v2\/pages\/260","targetHints":{"allow":["GET"]}}],"collection":[{"href":"https:\/\/gustavogoni.com\/arte\/wp-json\/wp\/v2\/pages"}],"about":[{"href":"https:\/\/gustavogoni.com\/arte\/wp-json\/wp\/v2\/types\/page"}],"author":[{"embeddable":true,"href":"https:\/\/gustavogoni.com\/arte\/wp-json\/wp\/v2\/users\/2"}],"replies":[{"embeddable":true,"href":"https:\/\/gustavogoni.com\/arte\/wp-json\/wp\/v2\/comments?post=260"}],"version-history":[{"count":14,"href":"https:\/\/gustavogoni.com\/arte\/wp-json\/wp\/v2\/pages\/260\/revisions"}],"predecessor-version":[{"id":823,"href":"https:\/\/gustavogoni.com\/arte\/wp-json\/wp\/v2\/pages\/260\/revisions\/823"}],"up":[{"embeddable":true,"href":"https:\/\/gustavogoni.com\/arte\/wp-json\/wp\/v2\/pages\/107"}],"wp:attachment":[{"href":"https:\/\/gustavogoni.com\/arte\/wp-json\/wp\/v2\/media?parent=260"}],"curies":[{"name":"wp","href":"https:\/\/api.w.org\/{rel}","templated":true}]}}