{"id":1262,"date":"2025-06-18T18:21:07","date_gmt":"2025-06-18T21:21:07","guid":{"rendered":"https:\/\/gustavogoni.com\/arte\/?page_id=1262"},"modified":"2025-06-25T17:24:50","modified_gmt":"2025-06-25T20:24:50","slug":"muestra-artistas-en-accion-por-los-humedales","status":"publish","type":"page","link":"https:\/\/gustavogoni.com\/arte\/muestras\/muestra-artistas-en-accion-por-los-humedales\/","title":{"rendered":"Muestra \u00abArtistas en acci\u00f3n por los humedales\u00bb"},"content":{"rendered":"\n<div id=\"wp-block-themeisle-blocks-advanced-columns-82d674e2\" class=\"wp-block-themeisle-blocks-advanced-columns alignfull has-2-columns has-desktop-equal-layout has-tablet-equal-layout has-mobile-collapsedRows-layout has-vertical-unset has-dark-bg\"><div class=\"wp-block-themeisle-blocks-advanced-columns-overlay\"><\/div><div class=\"innerblocks-wrap\">\n<div id=\"wp-block-themeisle-blocks-advanced-column-cff47bde\" class=\"wp-block-themeisle-blocks-advanced-column\">\n<div id=\"wp-block-themeisle-blocks-button-group-788e0e71\" class=\"wp-block-themeisle-blocks-button-group wp-block-buttons\">\n<div id=\"wp-block-themeisle-blocks-button-aefcd9fd\" class=\"wp-block-themeisle-blocks-button wp-block-button\"><a href=\"https:\/\/goo.gl\/maps\/fjZKgPSCg8a3K2EH9\" target=\"_blank\" rel=\"noopener noreferrer\" class=\"wp-block-button__link\"><i class=\"fas fa-fw fa-map-marker-alt margin-right\"><\/i><span>Museo Murray<br>Tom\u00e1s de la Torre 1726, Funes, Santa Fe<\/span><\/a><\/div>\n<\/div>\n\n\n\n<div id=\"wp-block-themeisle-blocks-button-group-9df2ffb2\" class=\"wp-block-themeisle-blocks-button-group wp-block-buttons\">\n<div id=\"wp-block-themeisle-blocks-button-78587249\" class=\"wp-block-themeisle-blocks-button wp-block-button is-style-fill\"><a href=\"\" target=\"_self\" rel=\"noopener noreferrer\" class=\"wp-block-button__link\"><i class=\"far fa-fw fa-calendar-alt margin-right\"><\/i><span>Fecha: desde el 14 de junio de 2025<\/span><\/a><\/div>\n<\/div>\n\n\n\n<div id=\"wp-block-themeisle-blocks-button-group-a316cd0d\" class=\"wp-block-themeisle-blocks-button-group wp-block-buttons\">\n<div id=\"wp-block-themeisle-blocks-button-c88003e6\" class=\"wp-block-themeisle-blocks-button wp-block-button\"><a href=\"\" target=\"_self\" rel=\"noopener noreferrer\" class=\"wp-block-button__link\"><i class=\"fas fa-fw fa-ticket-alt margin-right\"><\/i><span>Entrada: libre y gratuita <\/span><\/a><\/div>\n<\/div>\n\n\n\n<div id=\"wp-block-themeisle-blocks-button-group-b5f9cb70\" class=\"wp-block-themeisle-blocks-button-group wp-block-buttons\">\n<div id=\"wp-block-themeisle-blocks-button-3c4e0c32\" class=\"wp-block-themeisle-blocks-button wp-block-button\"><a target=\"_self\" rel=\"noopener noreferrer\" class=\"wp-block-button__link\"><i class=\"far fa-fw fa-clock margin-right\"><\/i><span>Lunes a viernes de 7 a 13 hs <br>S\u00e1bados y domingos de 10 a 12 hs y de 17 a 19 hs.<\/span><\/a><\/div>\n<\/div>\n\n\n\n<div id=\"wp-block-themeisle-blocks-button-group-c4853f18\" class=\"wp-block-themeisle-blocks-button-group wp-block-buttons\">\n<div id=\"wp-block-themeisle-blocks-button-15a35e45\" class=\"wp-block-themeisle-blocks-button wp-block-button\"><a href=\"https:\/\/www.instagram.com\/p\/DLAdQRAx8db\/?hl=en&amp;img_index=1\" target=\"_blank\" rel=\"noopener noreferrer\" class=\"wp-block-button__link\"><i class=\"fab fa-fw fa-instagram margin-right\"><\/i><span>Ver aqu\u00ed la inauguraci\u00f3n<\/span><\/a><\/div>\n<\/div>\n\n\n\n<div id=\"wp-block-themeisle-blocks-button-group-10fcbdfd\" class=\"wp-block-themeisle-blocks-button-group wp-block-buttons\">\n<div id=\"wp-block-themeisle-blocks-button-76416584\" class=\"wp-block-themeisle-blocks-button wp-block-button\"><a href=\"mailto:local15pasajepan@gmail.com\" target=\"_blank\" rel=\"noopener noreferrer\" class=\"wp-block-button__link\"><i class=\"far fa-fw fa-envelope margin-right\"><\/i><span>Contacto: Galer\u00eda Local 15: local15pasajepan@gmail.com<\/span><\/a><\/div>\n<\/div>\n\n\n\n<div id=\"wp-block-themeisle-blocks-button-group-39af22cb\" class=\"wp-block-themeisle-blocks-button-group wp-block-buttons\">\n<div id=\"wp-block-themeisle-blocks-button-0d7597af\" class=\"wp-block-themeisle-blocks-button wp-block-button\"><a target=\"_self\" rel=\"noopener noreferrer\" class=\"wp-block-button__link\"><span><\/span><\/a><\/div>\n<\/div>\n<\/div>\n\n\n\n<div id=\"wp-block-themeisle-blocks-advanced-column-a1740b01\" class=\"wp-block-themeisle-blocks-advanced-column\">\n<h2 id=\"wp-block-themeisle-blocks-advanced-heading-b2ad9838\" class=\"wp-block-themeisle-blocks-advanced-heading wp-block-themeisle-blocks-advanced-heading-b2ad9838\">\u00abArtistas en acci\u00f3n por los humedales\u00bb<\/h2>\n\n\n\n<h4 id=\"wp-block-themeisle-blocks-advanced-heading-a778d0af\" class=\"wp-block-themeisle-blocks-advanced-heading wp-block-themeisle-blocks-advanced-heading-a778d0af\">Quinta edici\u00f3n de la muestra colectiva itinerante<\/h4>\n\n\n\n<p>Desde el s\u00e1bado 14 de junio puede visitarse la <strong>Quinta Edici\u00f3n de la Muestra Colectiva Itinerante de Artistas en Acci\u00f3n por los Humedales <\/strong>en el Museo Murray.<\/p>\n\n\n\n<p>Los artistas que exponen son: Daniel Garc\u00eda, Fabiana Imola, Pablo Butteri, Gustavo Go\u00f1i, Emiliano Bonfanti, Astrid Ratner, Lorena Cattoni, Mar\u00eda Jes\u00fas \u00c1lvarez, Constanza Bertolino, Mar\u00eda Laura Mineur y Florencia Ruiz Ferretti.<\/p>\n\n\n\n<p>La curadur\u00eda est\u00e1 a cargo de <strong>Astrid Ratner<\/strong>.<\/p>\n\n\n\n<p><br>La muestra est\u00e1 abierta al p\u00fablico de lunes a viernes de 7 a 13 hs y s\u00e1bados y domingos de 10 a 12 hs y de 17 a 19 hs.<\/p>\n\n\n\n<p><br>El Museo Murray est\u00e1 ubicado en la ciudad de Funes, Provincia de Santa Fe, en el Paseo de la Estaci\u00f3n de Funes.<\/p>\n\n\n\n<p>La participaci\u00f3n de Gustavo Go\u00f1i consiste en una obra de la serie \u00abFototropismo\u00bb.<\/p>\n\n\n\n<figure class=\"wp-block-image size-large\"><a href=\"https:\/\/gustavogoni.com\/arte\/wp-content\/uploads\/2025\/06\/Muestra-Colectiva-en-Museo-Murray-0-flyer.jpg\"><img loading=\"lazy\" decoding=\"async\" width=\"819\" height=\"1024\" data-attachment-id=\"1266\" data-permalink=\"https:\/\/gustavogoni.com\/arte\/muestras\/muestra-artistas-en-accion-por-los-humedales\/muestra-colectiva-en-museo-murray-0-flyer\/\" data-orig-file=\"https:\/\/gustavogoni.com\/arte\/wp-content\/uploads\/2025\/06\/Muestra-Colectiva-en-Museo-Murray-0-flyer.jpg\" data-orig-size=\"1080,1350\" data-comments-opened=\"1\" data-image-meta=\"{&quot;aperture&quot;:&quot;0&quot;,&quot;credit&quot;:&quot;&quot;,&quot;camera&quot;:&quot;&quot;,&quot;caption&quot;:&quot;&quot;,&quot;created_timestamp&quot;:&quot;0&quot;,&quot;copyright&quot;:&quot;&quot;,&quot;focal_length&quot;:&quot;0&quot;,&quot;iso&quot;:&quot;0&quot;,&quot;shutter_speed&quot;:&quot;0&quot;,&quot;title&quot;:&quot;&quot;,&quot;orientation&quot;:&quot;0&quot;}\" data-image-title=\"Muestra Colectiva en Museo Murray 0 &amp;#8211; flyer\" data-image-description=\"\" data-image-caption=\"\" data-large-file=\"https:\/\/gustavogoni.com\/arte\/wp-content\/uploads\/2025\/06\/Muestra-Colectiva-en-Museo-Murray-0-flyer-819x1024.jpg\" src=\"https:\/\/gustavogoni.com\/arte\/wp-content\/uploads\/2025\/06\/Muestra-Colectiva-en-Museo-Murray-0-flyer-819x1024.jpg\" alt=\"\" class=\"wp-image-1266\" srcset=\"https:\/\/gustavogoni.com\/arte\/wp-content\/uploads\/2025\/06\/Muestra-Colectiva-en-Museo-Murray-0-flyer-819x1024.jpg 819w, https:\/\/gustavogoni.com\/arte\/wp-content\/uploads\/2025\/06\/Muestra-Colectiva-en-Museo-Murray-0-flyer-240x300.jpg 240w, https:\/\/gustavogoni.com\/arte\/wp-content\/uploads\/2025\/06\/Muestra-Colectiva-en-Museo-Murray-0-flyer-768x960.jpg 768w, https:\/\/gustavogoni.com\/arte\/wp-content\/uploads\/2025\/06\/Muestra-Colectiva-en-Museo-Murray-0-flyer.jpg 1080w\" sizes=\"auto, (max-width: 819px) 100vw, 819px\" \/><\/a><\/figure>\n\n\n\n<p><\/p>\n\n\n\n<figure class=\"wp-block-image size-full\"><a href=\"https:\/\/gustavogoni.com\/arte\/wp-content\/uploads\/2025\/06\/Muestra-Colectiva-en-Museo-Murray-3.jpg\"><img loading=\"lazy\" decoding=\"async\" width=\"960\" height=\"855\" data-attachment-id=\"1292\" data-permalink=\"https:\/\/gustavogoni.com\/arte\/muestras\/muestra-artistas-en-accion-por-los-humedales\/muestra-colectiva-en-museo-murray-3\/\" data-orig-file=\"https:\/\/gustavogoni.com\/arte\/wp-content\/uploads\/2025\/06\/Muestra-Colectiva-en-Museo-Murray-3.jpg\" data-orig-size=\"960,855\" data-comments-opened=\"1\" data-image-meta=\"{&quot;aperture&quot;:&quot;0&quot;,&quot;credit&quot;:&quot;&quot;,&quot;camera&quot;:&quot;&quot;,&quot;caption&quot;:&quot;&quot;,&quot;created_timestamp&quot;:&quot;0&quot;,&quot;copyright&quot;:&quot;&quot;,&quot;focal_length&quot;:&quot;0&quot;,&quot;iso&quot;:&quot;0&quot;,&quot;shutter_speed&quot;:&quot;0&quot;,&quot;title&quot;:&quot;&quot;,&quot;orientation&quot;:&quot;0&quot;}\" data-image-title=\"Muestra Colectiva en Museo Murray 3\" data-image-description=\"\" data-image-caption=\"\" data-large-file=\"https:\/\/gustavogoni.com\/arte\/wp-content\/uploads\/2025\/06\/Muestra-Colectiva-en-Museo-Murray-3.jpg\" src=\"https:\/\/gustavogoni.com\/arte\/wp-content\/uploads\/2025\/06\/Muestra-Colectiva-en-Museo-Murray-3.jpg\" alt=\"\" class=\"wp-image-1292\" srcset=\"https:\/\/gustavogoni.com\/arte\/wp-content\/uploads\/2025\/06\/Muestra-Colectiva-en-Museo-Murray-3.jpg 960w, https:\/\/gustavogoni.com\/arte\/wp-content\/uploads\/2025\/06\/Muestra-Colectiva-en-Museo-Murray-3-300x267.jpg 300w, https:\/\/gustavogoni.com\/arte\/wp-content\/uploads\/2025\/06\/Muestra-Colectiva-en-Museo-Murray-3-768x684.jpg 768w\" sizes=\"auto, (max-width: 960px) 100vw, 960px\" \/><\/a><\/figure>\n<\/div>\n<\/div><\/div>\n\n\n\n<div class=\"wp-block-columns is-layout-flex wp-container-core-columns-is-layout-9d6595d7 wp-block-columns-is-layout-flex\">\n<div class=\"wp-block-column is-layout-flow wp-block-column-is-layout-flow\">\n<figure class=\"wp-block-image size-large\"><a href=\"https:\/\/gustavogoni.com\/arte\/wp-content\/uploads\/2025\/06\/Muestra-Colectiva-en-Museo-Murray-2.jpg\"><img loading=\"lazy\" decoding=\"async\" width=\"819\" height=\"1024\" data-attachment-id=\"1289\" data-permalink=\"https:\/\/gustavogoni.com\/arte\/muestras\/muestra-artistas-en-accion-por-los-humedales\/muestra-colectiva-en-museo-murray-2\/\" data-orig-file=\"https:\/\/gustavogoni.com\/arte\/wp-content\/uploads\/2025\/06\/Muestra-Colectiva-en-Museo-Murray-2.jpg\" data-orig-size=\"1080,1350\" data-comments-opened=\"1\" data-image-meta=\"{&quot;aperture&quot;:&quot;0&quot;,&quot;credit&quot;:&quot;&quot;,&quot;camera&quot;:&quot;&quot;,&quot;caption&quot;:&quot;&quot;,&quot;created_timestamp&quot;:&quot;0&quot;,&quot;copyright&quot;:&quot;&quot;,&quot;focal_length&quot;:&quot;0&quot;,&quot;iso&quot;:&quot;0&quot;,&quot;shutter_speed&quot;:&quot;0&quot;,&quot;title&quot;:&quot;&quot;,&quot;orientation&quot;:&quot;0&quot;}\" data-image-title=\"Muestra Colectiva en Museo Murray 2\" data-image-description=\"\" data-image-caption=\"\" data-large-file=\"https:\/\/gustavogoni.com\/arte\/wp-content\/uploads\/2025\/06\/Muestra-Colectiva-en-Museo-Murray-2-819x1024.jpg\" src=\"https:\/\/gustavogoni.com\/arte\/wp-content\/uploads\/2025\/06\/Muestra-Colectiva-en-Museo-Murray-2-819x1024.jpg\" alt=\"\" class=\"wp-image-1289\" srcset=\"https:\/\/gustavogoni.com\/arte\/wp-content\/uploads\/2025\/06\/Muestra-Colectiva-en-Museo-Murray-2-819x1024.jpg 819w, https:\/\/gustavogoni.com\/arte\/wp-content\/uploads\/2025\/06\/Muestra-Colectiva-en-Museo-Murray-2-240x300.jpg 240w, https:\/\/gustavogoni.com\/arte\/wp-content\/uploads\/2025\/06\/Muestra-Colectiva-en-Museo-Murray-2-768x960.jpg 768w, https:\/\/gustavogoni.com\/arte\/wp-content\/uploads\/2025\/06\/Muestra-Colectiva-en-Museo-Murray-2.jpg 1080w\" sizes=\"auto, (max-width: 819px) 100vw, 819px\" \/><\/a><\/figure>\n<\/div>\n\n\n\n<div class=\"wp-block-column is-layout-flow wp-block-column-is-layout-flow\">\n<figure class=\"wp-block-image size-large\"><a href=\"https:\/\/gustavogoni.com\/arte\/wp-content\/uploads\/2025\/06\/Muestra-Colectiva-en-Museo-Murray-5.jpg\"><img loading=\"lazy\" decoding=\"async\" width=\"914\" height=\"1024\" data-attachment-id=\"1290\" data-permalink=\"https:\/\/gustavogoni.com\/arte\/muestras\/muestra-artistas-en-accion-por-los-humedales\/muestra-colectiva-en-museo-murray-5\/\" data-orig-file=\"https:\/\/gustavogoni.com\/arte\/wp-content\/uploads\/2025\/06\/Muestra-Colectiva-en-Museo-Murray-5.jpg\" data-orig-size=\"960,1076\" data-comments-opened=\"1\" data-image-meta=\"{&quot;aperture&quot;:&quot;0&quot;,&quot;credit&quot;:&quot;&quot;,&quot;camera&quot;:&quot;&quot;,&quot;caption&quot;:&quot;&quot;,&quot;created_timestamp&quot;:&quot;0&quot;,&quot;copyright&quot;:&quot;&quot;,&quot;focal_length&quot;:&quot;0&quot;,&quot;iso&quot;:&quot;0&quot;,&quot;shutter_speed&quot;:&quot;0&quot;,&quot;title&quot;:&quot;&quot;,&quot;orientation&quot;:&quot;0&quot;}\" data-image-title=\"Muestra Colectiva en Museo Murray 5\" data-image-description=\"\" data-image-caption=\"\" data-large-file=\"https:\/\/gustavogoni.com\/arte\/wp-content\/uploads\/2025\/06\/Muestra-Colectiva-en-Museo-Murray-5-914x1024.jpg\" src=\"https:\/\/gustavogoni.com\/arte\/wp-content\/uploads\/2025\/06\/Muestra-Colectiva-en-Museo-Murray-5-914x1024.jpg\" alt=\"\" class=\"wp-image-1290\" srcset=\"https:\/\/gustavogoni.com\/arte\/wp-content\/uploads\/2025\/06\/Muestra-Colectiva-en-Museo-Murray-5-914x1024.jpg 914w, https:\/\/gustavogoni.com\/arte\/wp-content\/uploads\/2025\/06\/Muestra-Colectiva-en-Museo-Murray-5-268x300.jpg 268w, https:\/\/gustavogoni.com\/arte\/wp-content\/uploads\/2025\/06\/Muestra-Colectiva-en-Museo-Murray-5-768x861.jpg 768w, https:\/\/gustavogoni.com\/arte\/wp-content\/uploads\/2025\/06\/Muestra-Colectiva-en-Museo-Murray-5.jpg 960w\" sizes=\"auto, (max-width: 914px) 100vw, 914px\" \/><\/a><\/figure>\n<\/div>\n\n\n\n<div class=\"wp-block-column is-layout-flow wp-block-column-is-layout-flow\">\n<figure class=\"wp-block-image size-large\"><a href=\"https:\/\/gustavogoni.com\/arte\/wp-content\/uploads\/2025\/06\/Muestra-Colectiva-en-Museo-Murray-4.jpg\"><img loading=\"lazy\" decoding=\"async\" width=\"768\" height=\"1024\" data-attachment-id=\"1291\" data-permalink=\"https:\/\/gustavogoni.com\/arte\/muestras\/muestra-artistas-en-accion-por-los-humedales\/muestra-colectiva-en-museo-murray-4\/\" data-orig-file=\"https:\/\/gustavogoni.com\/arte\/wp-content\/uploads\/2025\/06\/Muestra-Colectiva-en-Museo-Murray-4.jpg\" data-orig-size=\"960,1280\" data-comments-opened=\"1\" data-image-meta=\"{&quot;aperture&quot;:&quot;0&quot;,&quot;credit&quot;:&quot;&quot;,&quot;camera&quot;:&quot;&quot;,&quot;caption&quot;:&quot;&quot;,&quot;created_timestamp&quot;:&quot;0&quot;,&quot;copyright&quot;:&quot;&quot;,&quot;focal_length&quot;:&quot;0&quot;,&quot;iso&quot;:&quot;0&quot;,&quot;shutter_speed&quot;:&quot;0&quot;,&quot;title&quot;:&quot;&quot;,&quot;orientation&quot;:&quot;0&quot;}\" data-image-title=\"Muestra Colectiva en Museo Murray 4\" data-image-description=\"\" data-image-caption=\"\" data-large-file=\"https:\/\/gustavogoni.com\/arte\/wp-content\/uploads\/2025\/06\/Muestra-Colectiva-en-Museo-Murray-4-768x1024.jpg\" src=\"https:\/\/gustavogoni.com\/arte\/wp-content\/uploads\/2025\/06\/Muestra-Colectiva-en-Museo-Murray-4-768x1024.jpg\" alt=\"\" class=\"wp-image-1291\" srcset=\"https:\/\/gustavogoni.com\/arte\/wp-content\/uploads\/2025\/06\/Muestra-Colectiva-en-Museo-Murray-4-768x1024.jpg 768w, https:\/\/gustavogoni.com\/arte\/wp-content\/uploads\/2025\/06\/Muestra-Colectiva-en-Museo-Murray-4-225x300.jpg 225w, https:\/\/gustavogoni.com\/arte\/wp-content\/uploads\/2025\/06\/Muestra-Colectiva-en-Museo-Murray-4.jpg 960w\" sizes=\"auto, (max-width: 768px) 100vw, 768px\" \/><\/a><\/figure>\n<\/div>\n<\/div>\n","protected":false},"excerpt":{"rendered":"","protected":false},"author":2,"featured_media":0,"parent":241,"menu_order":0,"comment_status":"closed","ping_status":"closed","template":"","meta":{"neve_meta_sidebar":"","neve_meta_container":"","neve_meta_enable_content_width":"","neve_meta_content_width":0,"neve_meta_title_alignment":"","neve_meta_author_avatar":"","neve_post_elements_order":"","neve_meta_disable_header":"","neve_meta_disable_footer":"","neve_meta_disable_title":"","advanced_seo_description":"","jetpack_seo_html_title":"","jetpack_seo_noindex":false,"_themeisle_gutenberg_block_has_review":false,"footnotes":""},"class_list":["post-1262","page","type-page","status-publish","hentry"],"jetpack_sharing_enabled":true,"jetpack_likes_enabled":true,"_links":{"self":[{"href":"https:\/\/gustavogoni.com\/arte\/wp-json\/wp\/v2\/pages\/1262","targetHints":{"allow":["GET"]}}],"collection":[{"href":"https:\/\/gustavogoni.com\/arte\/wp-json\/wp\/v2\/pages"}],"about":[{"href":"https:\/\/gustavogoni.com\/arte\/wp-json\/wp\/v2\/types\/page"}],"author":[{"embeddable":true,"href":"https:\/\/gustavogoni.com\/arte\/wp-json\/wp\/v2\/users\/2"}],"replies":[{"embeddable":true,"href":"https:\/\/gustavogoni.com\/arte\/wp-json\/wp\/v2\/comments?post=1262"}],"version-history":[{"count":5,"href":"https:\/\/gustavogoni.com\/arte\/wp-json\/wp\/v2\/pages\/1262\/revisions"}],"predecessor-version":[{"id":1293,"href":"https:\/\/gustavogoni.com\/arte\/wp-json\/wp\/v2\/pages\/1262\/revisions\/1293"}],"up":[{"embeddable":true,"href":"https:\/\/gustavogoni.com\/arte\/wp-json\/wp\/v2\/pages\/241"}],"wp:attachment":[{"href":"https:\/\/gustavogoni.com\/arte\/wp-json\/wp\/v2\/media?parent=1262"}],"curies":[{"name":"wp","href":"https:\/\/api.w.org\/{rel}","templated":true}]}}